{"version":"1.0","provider_name":"Havac\u0131l\u0131k Y\u00f6netimi","provider_url":"http:\/\/ticaret.edu.tr\/havacilik-yonetimi","author_name":"havacilik","author_url":"http:\/\/ticaret.edu.tr\/havacilik-yonetimi\/author\/havacilik\/","title":"THY\u2019de i\u015finiz haz\u0131r","type":"rich","width":600,"height":338,"html":"<blockquote class=\"wp-embedded-content\" data-secret=\"njNz6qA7Ow\"><a href=\"http:\/\/ticaret.edu.tr\/havacilik-yonetimi\/2015\/03\/16\/thyde-isiniz-hazir\/\">THY\u2019de i\u015finiz haz\u0131r<\/a><\/blockquote><iframe sandbox=\"allow-scripts\" security=\"restricted\" src=\"http:\/\/ticaret.edu.tr\/havacilik-yonetimi\/2015\/03\/16\/thyde-isiniz-hazir\/embed\/#?secret=njNz6qA7Ow\" width=\"600\" height=\"338\" title=\"&#8220;THY\u2019de i\u015finiz haz\u0131r&#8221; &#8212; Havac\u0131l\u0131k Y\u00f6netimi\" data-secret=\"njNz6qA7Ow\" frameborder=\"0\" marginwidth=\"0\" marginheight=\"0\" scrolling=\"no\" class=\"wp-embedded-content\"><\/iframe><script type=\"text\/javascript\">\n\/* <![CDATA[ *\/\n\/*! This file is auto-generated *\/\n!function(d,l){\"use strict\";l.querySelector&&d.addEventListener&&\"undefined\"!=typeof URL&&(d.wp=d.wp||{},d.wp.receiveEmbedMessage||(d.wp.receiveEmbedMessage=function(e){var t=e.data;if((t||t.secret||t.message||t.value)&&!\/[^a-zA-Z0-9]\/.test(t.secret)){for(var s,r,n,a=l.querySelectorAll('iframe[data-secret=\"'+t.secret+'\"]'),o=l.querySelectorAll('blockquote[data-secret=\"'+t.secret+'\"]'),c=new RegExp(\"^https?:$\",\"i\"),i=0;i<o.length;i++)o[i].style.display=\"none\";for(i=0;i<a.length;i++)s=a[i],e.source===s.contentWindow&&(s.removeAttribute(\"style\"),\"height\"===t.message?(1e3<(r=parseInt(t.value,10))?r=1e3:~~r<200&&(r=200),s.height=r):\"link\"===t.message&&(r=new URL(s.getAttribute(\"src\")),n=new URL(t.value),c.test(n.protocol))&&n.host===r.host&&l.activeElement===s&&(d.top.location.href=t.value))}},d.addEventListener(\"message\",d.wp.receiveEmbedMessage,!1),l.addEventListener(\"DOMContentLoaded\",function(){for(var e,t,s=l.querySelectorAll(\"iframe.wp-embedded-content\"),r=0;r<s.length;r++)(t=(e=s[r]).getAttribute(\"data-secret\"))||(t=Math.random().toString(36).substring(2,12),e.src+=\"#?secret=\"+t,e.setAttribute(\"data-secret\",t)),e.contentWindow.postMessage({message:\"ready\",secret:t},\"*\")},!1)))}(window,document);\n\/* ]]> *\/\n<\/script>\n","thumbnail_url":"http:\/\/ticaret.edu.tr\/havacilik-yonetimi\/wp-content\/uploads\/sites\/10\/2020\/05\/thy.jpg","thumbnail_width":650,"thumbnail_height":433,"description":"THY\u2019de i\u015finiz haz\u0131r T\u00fcrk Havayollar\u0131 Y\u00f6netim Kurulu Ba\u015fkan\u0131 \u201cHavac\u0131l\u0131k Sekt\u00f6r\u00fcn\u00fcn Gelece\u011fi\u201d konulu konferansta \u0130stanbul Ticaret \u00dcniversitesi \u00f6\u011frencileri ile bir araya geldi. THY\u2019nin son 12 y\u0131l\u0131ndaki geli\u015fimini de\u011ferlendirdi\u011fi konferansta, \u00f6\u011frencilere bir de s\u00f6z verdi: Bu yaz, ba\u011fl\u0131 \u015firketlerimizde yar\u0131 zamanl\u0131 i\u015finiz haz\u0131r. \u00dcniversitenin K\u00fc\u00e7\u00fckyal\u0131 Yerle\u015fkesi\u2019nde Sivil Havac\u0131l\u0131k Kul\u00fcb\u00fc\u2019n\u00fcn d\u00fczenledi\u011fi konferansa kat\u0131lan THY Y\u00f6netim Kurulu Ba\u015fkan\u0131 yo\u011fun [&hellip;]"}