{"id":200,"date":"2020-06-02T22:57:06","date_gmt":"2020-06-02T19:57:06","guid":{"rendered":"http:\/\/ticaret.edu.tr\/havacilik\/?page_id=200"},"modified":"2025-03-06T14:40:56","modified_gmt":"2025-03-06T11:40:56","slug":"tarihce","status":"publish","type":"page","link":"http:\/\/ticaret.edu.tr\/havacilik-yonetimi\/tarihce\/","title":{"rendered":"Tarih\u00e7e"},"content":{"rendered":"<div class=\"BAIcerik\">\n<p>2012 y\u0131l\u0131nda Uygulamal\u0131 Bilimler Fak\u00fcltesi b\u00fcnyesinde Sivil Hava Ula\u015ft\u0131rma \u0130\u015fletmecili\u011fi B\u00f6l\u00fcm\u00fc kurulmu\u015ftur.<\/p>\n<p>\u0130stanbul Ticaret \u00dcniversitesi Meslek Y\u00fcksekokulu Havac\u0131l\u0131k Programlar\u0131 olan\u00a0<em>Hava Lojisti\u011fi<\/em>\u00a0ve\u00a0<em>Havac\u0131l\u0131kta Yer Hizmetleri Y\u00f6netimi<\/em>\u00a0\u00f6\u011frencilerinin stajlar\u0131 sonucunda kuruma vermi\u015f olduklar\u0131 geri bildirimler dikkate al\u0131narak genel bir de\u011ferlendirme ile, \u00f6\u011frencilerin di\u011fer \u00fcniversitelerin ayn\u0131 b\u00f6l\u00fcmlerinden mezun olan \u00f6\u011frencilerden farkl\u0131la\u015ft\u0131r\u0131lmas\u0131 hedeflenmi\u015ftir. \u0130lgili b\u00f6l\u00fcmlerin uygulama a\u011f\u0131rl\u0131kl\u0131 yap\u0131land\u0131r\u0131lmas\u0131, sertifika programlar\u0131na y\u00f6nelik e\u011fitimler ile zenginle\u015ftirilmesi d\u00fc\u015f\u00fcn\u00fclm\u00fc\u015ft\u00fcr. Ancak iki y\u0131l s\u00fcreli programlar yeterli g\u00f6r\u00fcnse de sekt\u00f6r\u00fcn beklentileri tam olarak kar\u015f\u0131lanamam\u0131\u015ft\u0131r.<\/p>\n<p>Sekt\u00f6r\u00fcn mezun \u00f6\u011frenci profilini de\u011ferlendirmesi olumlu olmakla birlikte, \u00f6\u011frencilerin her konuda s\u0131n\u0131rl\u0131 \u00f6l\u00e7\u00fcde bilgiye sahip olmalar\u0131 nedeniyle daha b\u00fcy\u00fck ve genel bir resim \u00fczerinde \u00e7al\u0131\u015fma gere\u011fi ortaya \u00e7\u0131km\u0131\u015ft\u0131r.<\/p>\n<p>Mevcut \u00d6nlisans programlar\u0131n\u0131n uzmanla\u015fmaya imk\u00e2n verecek \u015fekilde geli\u015ftirilmesinin uygun olaca\u011f\u0131 d\u00fc\u015f\u00fcn\u00fclm\u00fc\u015ft\u00fcr.\u00a0 \u00d6\u011frencilerin dikey ge\u00e7i\u015flerinde olumsuz bir durum olu\u015fturmamas\u0131 amac\u0131yla d\u00f6rt y\u0131ll\u0131k Sivil Hava Ula\u015ft\u0131rma \u0130\u015fletmecili\u011fi program\u0131n\u0131n a\u00e7\u0131lmas\u0131 ve \u00f6nceki programlar\u0131n bu ad alt\u0131nda birle\u015ftirmesi yoluna gidilmi\u015ftir.<\/p>\n<p>2016-2017 \u00f6\u011fretim d\u00f6neminde Y\u00d6K taraf\u0131ndan iki y\u0131ll\u0131k \u00f6nlisans programlar\u0131 Sivil Hava Ula\u015ft\u0131rma \u0130\u015fletmecili\u011fi ve d\u00f6rt y\u0131ll\u0131k lisans b\u00f6l\u00fcmleri ise Havac\u0131l\u0131k Y\u00f6netimi olarak isimlendirilmi\u015ftir. Bu karar \u00e7er\u00e7evesinde sekiz yar\u0131y\u0131ldan olu\u015fan Sivil Hava Ula\u015ft\u0131rma \u0130\u015fletmecili\u011fi b\u00f6l\u00fcm\u00fcn\u00fcn ad\u0131 Havac\u0131l\u0131k Y\u00f6netimi olarak g\u00fcncellenmi\u015ftir.<\/p>\n<p>Uygulamal\u0131 Bilimler Fak\u00fcltesi, Sivil Hava Ula\u015ft\u0131rma \u0130\u015fletmecili\u011fi b\u00f6l\u00fcm ba\u015fkan\u0131 Do\u00e7. Dr. Ok\u015fan Kibritci Artar Uygulamal\u0131 Bilimler Fak\u00fcltesinin kurulu\u015f tarihi olan 2012 y\u0131l\u0131ndan 24 May\u0131s 2016 tarihine kadar B\u00f6l\u00fcm Ba\u015fkanl\u0131\u011f\u0131 g\u00f6revine devam etmi\u015ftir. Bu s\u00fcre\u00e7te B\u00f6l\u00fcm \u00f6\u011fretim \u00fcyelerinden Savunma Sanayi Ba\u015fkan\u0131 Prof. Dr. \u0130smail Demir ve sekt\u00f6r yetkililerinden olu\u015fan Dan\u0131\u015fma Kurulu b\u00f6l\u00fcm m\u00fcfredatlar\u0131n\u0131 sertifikasyon s\u00fcrecine uyumlu hale getirmi\u015ftir. 2016 May\u0131s ay\u0131 itibariyle \u00fcniversite Uygulamal\u0131 Bilimler Fak\u00fcltesini kapatarak b\u00fcnyesinde bulunan b\u00f6l\u00fcmleri \u0130\u015fletme Fak\u00fcltesine aktarm\u0131\u015ft\u0131r.<\/p>\n<p>Uygulamal\u0131 Bilimler Fak\u00fcltesi Dekan\u0131 Prof. Dr. H\u00fcner \u015eencan 24 May\u0131s 2016 tarihinden itibaren B\u00f6l\u00fcm Ba\u015fkanl\u0131\u011f\u0131 g\u00f6revine getirilmi\u015ftir. 2013-2014 E\u011fitim-\u00d6\u011fretim d\u00f6neminde 14 \u00f6\u011frenci ile e\u011fitim hayat\u0131na ba\u015flam\u0131\u015f olan b\u00f6l\u00fcm; 2014-2015 E\u011fitim-\u00d6\u011fretim d\u00f6neminde 22, 2015-2016 E\u011fitim-\u00d6\u011fretim d\u00f6neminde 25, 2016-2017 E\u011fitim-\u00d6\u011fretim d\u00f6neminde 29, 2017-2018 E\u011fitim-\u00d6\u011fretim d\u00f6neminde 35, 2018-2019 E\u011fitim-\u00d6\u011fretim d\u00f6neminde 54 yeni kay\u0131t yapt\u0131ran \u00f6\u011frenci ile e\u011fitim-\u00f6\u011fretim hayat\u0131na yo\u011fun \u0130ngilizce destekli T\u00fcrk\u00e7e program ile devam etmi\u015ftir. 2024-2025 e\u011fitim-\u00f6\u011fretim d\u00f6nemi itibariyle havac\u0131l\u0131k b\u00f6l\u00fcm\u00fcn\u00fcn toplam \u00f6\u011frenci say\u0131s\u0131 212\u2019dir. B\u00f6l\u00fcm ilk mezunlar\u0131n\u0131 Haziran 2017\u2019de vermi\u015ftir. Mezun \u00f6\u011frenciler \u00a0sekt\u00f6rde \u00e7o\u011funlukla THY, TGS, \u00c7elebi ve TAV b\u00fcnyesinde yer hizmetleri ve hava kargo faaliyet alanlar\u0131nda g\u00f6rev yapmaktad\u0131rlar.<\/p>\n<p>Prof. Dr. H\u00fcner \u015eencan\u2019\u0131n ayr\u0131lmas\u0131yla birlikte 2017 Nisan ay\u0131ndan itibaren Havac\u0131l\u0131k Y\u00f6netimi B\u00f6l\u00fcm Ba\u015fkanl\u0131\u011f\u0131 g\u00f6revine tekrar Do\u00e7. Dr. Ok\u015fan Kibrit\u00e7i ARTAR atanm\u0131\u015ft\u0131r. Bu s\u00fcre\u00e7te, 25\/07\/2017 tarihi itibariyle b\u00f6l\u00fcme Havayoluyla Tehlikeli Madde Ta\u015f\u0131mac\u0131l\u0131\u011f\u0131 E\u011fitimi verme yetki belgesi al\u0131narak, \u00f6\u011frencilere mezuniyet \u00f6ncesi sertifika verme imkan\u0131 sa\u011flanm\u0131\u015ft\u0131r. 2024 y\u0131l\u0131 Eyl\u00fcl ay\u0131 itibariyle B\u00f6l\u00fcm Ba\u015fkanl\u0131\u011f\u0131 g\u00f6revine Dr. \u00d6\u011fr. \u00dcyesi Tuncel \u00d6Z atanm\u0131\u015ft\u0131r.<\/p>\n<p>Havac\u0131l\u0131k Y\u00f6netimi B\u00f6l\u00fcm\u00fcne \u00f6zel olarak \u00fcniversite rekt\u00f6rl\u00fc\u011f\u00fc taraf\u0131ndan tahsis edilmi\u015f olan E103 no\u2019lu derslik Havac\u0131l\u0131k Y\u00f6netimi B\u00f6l\u00fcm\u00fc S\u0131n\u0131f\u0131 olarak d\u00fczenlenmi\u015f, uygulama laboratuvar\u0131 haline getirilmi\u015ftir.<\/p>\n<p>B\u00f6l\u00fcmde faal halde olan\u00a0<em>Sivil Havac\u0131l\u0131k Toplulu\u011fu<\/em>\u00a0ile\u00a0<em>U\u00e7ak ve Uzay Bilimleri Toplulu\u011fu<\/em>\u00a0ad\u0131 alt\u0131nda iki \u00f6\u011frenci kul\u00fcb\u00fc vard\u0131r.<\/p>\n<\/div>\n","protected":false},"excerpt":{"rendered":"<p>2012 y\u0131l\u0131nda Uygulamal\u0131 Bilimler Fak\u00fcltesi b\u00fcnyesinde Sivil Hava Ula\u015ft\u0131rma \u0130\u015fletmecili\u011fi B\u00f6l\u00fcm\u00fc kurulmu\u015ftur. \u0130stanbul Ticaret \u00dcniversitesi Meslek Y\u00fcksekokulu Havac\u0131l\u0131k Programlar\u0131 olan\u00a0Hava Lojisti\u011fi\u00a0ve\u00a0Havac\u0131l\u0131kta Yer Hizmetleri Y\u00f6netimi\u00a0\u00f6\u011frencilerinin stajlar\u0131 sonucunda kuruma vermi\u015f olduklar\u0131 geri bildirimler dikkate al\u0131narak genel bir de\u011ferlendirme ile, \u00f6\u011frencilerin di\u011fer \u00fcniversitelerin ayn\u0131 b\u00f6l\u00fcmlerinden mezun olan \u00f6\u011frencilerden farkl\u0131la\u015ft\u0131r\u0131lmas\u0131 hedeflenmi\u015ftir. \u0130lgili b\u00f6l\u00fcmlerin uygulama a\u011f\u0131rl\u0131kl\u0131 yap\u0131land\u0131r\u0131lmas\u0131, sertifika programlar\u0131na y\u00f6nelik [&hellip;]<\/p>\n","protected":false},"author":9,"featured_media":0,"parent":0,"menu_order":0,"comment_status":"closed","ping_status":"closed","template":"genel_sayfa.php","meta":{"footnotes":""},"yoast_head":"<!-- This site is optimized with the Yoast SEO Premium plugin v22.1 (Yoast SEO v22.1) - https:\/\/yoast.com\/wordpress\/plugins\/seo\/ -->\n<title>Tarih\u00e7e - Havac\u0131l\u0131k Y\u00f6netimi<\/title>\n<meta name=\"robots\" content=\"index, follow, max-snippet:-1, max-image-preview:large, max-video-preview:-1\" \/>\n<link rel=\"canonical\" href=\"http:\/\/ticaret.edu.tr\/havacilik-yonetimi\/tarihce\/\" \/>\n<meta property=\"og:locale\" content=\"tr_TR\" \/>\n<meta property=\"og:type\" content=\"article\" \/>\n<meta property=\"og:title\" content=\"Tarih\u00e7e\" \/>\n<meta property=\"og:description\" content=\"2012 y\u0131l\u0131nda Uygulamal\u0131 Bilimler Fak\u00fcltesi b\u00fcnyesinde Sivil Hava Ula\u015ft\u0131rma \u0130\u015fletmecili\u011fi B\u00f6l\u00fcm\u00fc kurulmu\u015ftur. \u0130stanbul Ticaret \u00dcniversitesi Meslek Y\u00fcksekokulu Havac\u0131l\u0131k Programlar\u0131 olan\u00a0Hava Lojisti\u011fi\u00a0ve\u00a0Havac\u0131l\u0131kta Yer Hizmetleri Y\u00f6netimi\u00a0\u00f6\u011frencilerinin stajlar\u0131 sonucunda kuruma vermi\u015f olduklar\u0131 geri bildirimler dikkate al\u0131narak genel bir de\u011ferlendirme ile, \u00f6\u011frencilerin di\u011fer \u00fcniversitelerin ayn\u0131 b\u00f6l\u00fcmlerinden mezun olan \u00f6\u011frencilerden farkl\u0131la\u015ft\u0131r\u0131lmas\u0131 hedeflenmi\u015ftir. \u0130lgili b\u00f6l\u00fcmlerin uygulama a\u011f\u0131rl\u0131kl\u0131 yap\u0131land\u0131r\u0131lmas\u0131, sertifika programlar\u0131na y\u00f6nelik [&hellip;]\" \/>\n<meta property=\"og:url\" content=\"http:\/\/ticaret.edu.tr\/havacilik-yonetimi\/tarihce\/\" \/>\n<meta property=\"og:site_name\" content=\"Havac\u0131l\u0131k Y\u00f6netimi\" \/>\n<meta property=\"article:publisher\" content=\"https:\/\/www.facebook.com\/ticaretedutr\" \/>\n<meta property=\"article:modified_time\" content=\"2025-03-06T11:40:56+00:00\" \/>\n<meta property=\"og:image\" content=\"http:\/\/ticaret.edu.tr\/havacilik-yonetimi\/wp-content\/uploads\/sites\/10\/2021\/11\/web_logo-01.jpg\" \/>\n\t<meta property=\"og:image:width\" content=\"1250\" \/>\n\t<meta property=\"og:image:height\" content=\"833\" \/>\n\t<meta property=\"og:image:type\" content=\"image\/jpeg\" \/>\n<meta name=\"twitter:card\" content=\"summary_large_image\" \/>\n<meta name=\"twitter:site\" content=\"@ticaretedutr\" \/>\n<meta name=\"twitter:label1\" content=\"Tahmini okuma s\u00fcresi\" \/>\n\t<meta name=\"twitter:data1\" content=\"3 dakika\" \/>\n<script type=\"application\/ld+json\" class=\"yoast-schema-graph\">{\"@context\":\"https:\/\/schema.org\",\"@graph\":[{\"@type\":\"WebPage\",\"@id\":\"http:\/\/ticaret.edu.tr\/havacilik-yonetimi\/tarihce\/\",\"url\":\"http:\/\/ticaret.edu.tr\/havacilik-yonetimi\/tarihce\/\",\"name\":\"Tarih\u00e7e - Havac\u0131l\u0131k Y\u00f6netimi\",\"isPartOf\":{\"@id\":\"https:\/\/ticaret.edu.tr\/havacilik-yonetimi\/#website\"},\"datePublished\":\"2020-06-02T19:57:06+00:00\",\"dateModified\":\"2025-03-06T11:40:56+00:00\",\"breadcrumb\":{\"@id\":\"http:\/\/ticaret.edu.tr\/havacilik-yonetimi\/tarihce\/#breadcrumb\"},\"inLanguage\":\"tr\",\"potentialAction\":[{\"@type\":\"ReadAction\",\"target\":[\"http:\/\/ticaret.edu.tr\/havacilik-yonetimi\/tarihce\/\"]}]},{\"@type\":\"BreadcrumbList\",\"@id\":\"http:\/\/ticaret.edu.tr\/havacilik-yonetimi\/tarihce\/#breadcrumb\",\"itemListElement\":[{\"@type\":\"ListItem\",\"position\":1,\"name\":\"Ana sayfa\",\"item\":\"https:\/\/ticaret.edu.tr\/havacilik-yonetimi\/\"},{\"@type\":\"ListItem\",\"position\":2,\"name\":\"Tarih\u00e7e\"}]},{\"@type\":\"WebSite\",\"@id\":\"https:\/\/ticaret.edu.tr\/havacilik-yonetimi\/#website\",\"url\":\"https:\/\/ticaret.edu.tr\/havacilik-yonetimi\/\",\"name\":\"Havac\u0131l\u0131k Y\u00f6netimi\",\"description\":\"\",\"potentialAction\":[{\"@type\":\"SearchAction\",\"target\":{\"@type\":\"EntryPoint\",\"urlTemplate\":\"https:\/\/ticaret.edu.tr\/havacilik-yonetimi\/?s={search_term_string}\"},\"query-input\":\"required name=search_term_string\"}],\"inLanguage\":\"tr\"}]}<\/script>\n<!-- \/ Yoast SEO Premium plugin. -->","yoast_head_json":{"title":"Tarih\u00e7e - Havac\u0131l\u0131k Y\u00f6netimi","robots":{"index":"index","follow":"follow","max-snippet":"max-snippet:-1","max-image-preview":"max-image-preview:large","max-video-preview":"max-video-preview:-1"},"canonical":"http:\/\/ticaret.edu.tr\/havacilik-yonetimi\/tarihce\/","og_locale":"tr_TR","og_type":"article","og_title":"Tarih\u00e7e","og_description":"2012 y\u0131l\u0131nda Uygulamal\u0131 Bilimler Fak\u00fcltesi b\u00fcnyesinde Sivil Hava Ula\u015ft\u0131rma \u0130\u015fletmecili\u011fi B\u00f6l\u00fcm\u00fc kurulmu\u015ftur. \u0130stanbul Ticaret \u00dcniversitesi Meslek Y\u00fcksekokulu Havac\u0131l\u0131k Programlar\u0131 olan\u00a0Hava Lojisti\u011fi\u00a0ve\u00a0Havac\u0131l\u0131kta Yer Hizmetleri Y\u00f6netimi\u00a0\u00f6\u011frencilerinin stajlar\u0131 sonucunda kuruma vermi\u015f olduklar\u0131 geri bildirimler dikkate al\u0131narak genel bir de\u011ferlendirme ile, \u00f6\u011frencilerin di\u011fer \u00fcniversitelerin ayn\u0131 b\u00f6l\u00fcmlerinden mezun olan \u00f6\u011frencilerden farkl\u0131la\u015ft\u0131r\u0131lmas\u0131 hedeflenmi\u015ftir. \u0130lgili b\u00f6l\u00fcmlerin uygulama a\u011f\u0131rl\u0131kl\u0131 yap\u0131land\u0131r\u0131lmas\u0131, sertifika programlar\u0131na y\u00f6nelik [&hellip;]","og_url":"http:\/\/ticaret.edu.tr\/havacilik-yonetimi\/tarihce\/","og_site_name":"Havac\u0131l\u0131k Y\u00f6netimi","article_publisher":"https:\/\/www.facebook.com\/ticaretedutr","article_modified_time":"2025-03-06T11:40:56+00:00","og_image":[{"width":1250,"height":833,"url":"http:\/\/ticaret.edu.tr\/havacilik-yonetimi\/wp-content\/uploads\/sites\/10\/2021\/11\/web_logo-01.jpg","type":"image\/jpeg"}],"twitter_card":"summary_large_image","twitter_site":"@ticaretedutr","twitter_misc":{"Tahmini okuma s\u00fcresi":"3 dakika"},"schema":{"@context":"https:\/\/schema.org","@graph":[{"@type":"WebPage","@id":"http:\/\/ticaret.edu.tr\/havacilik-yonetimi\/tarihce\/","url":"http:\/\/ticaret.edu.tr\/havacilik-yonetimi\/tarihce\/","name":"Tarih\u00e7e - Havac\u0131l\u0131k Y\u00f6netimi","isPartOf":{"@id":"https:\/\/ticaret.edu.tr\/havacilik-yonetimi\/#website"},"datePublished":"2020-06-02T19:57:06+00:00","dateModified":"2025-03-06T11:40:56+00:00","breadcrumb":{"@id":"http:\/\/ticaret.edu.tr\/havacilik-yonetimi\/tarihce\/#breadcrumb"},"inLanguage":"tr","potentialAction":[{"@type":"ReadAction","target":["http:\/\/ticaret.edu.tr\/havacilik-yonetimi\/tarihce\/"]}]},{"@type":"BreadcrumbList","@id":"http:\/\/ticaret.edu.tr\/havacilik-yonetimi\/tarihce\/#breadcrumb","itemListElement":[{"@type":"ListItem","position":1,"name":"Ana sayfa","item":"https:\/\/ticaret.edu.tr\/havacilik-yonetimi\/"},{"@type":"ListItem","position":2,"name":"Tarih\u00e7e"}]},{"@type":"WebSite","@id":"https:\/\/ticaret.edu.tr\/havacilik-yonetimi\/#website","url":"https:\/\/ticaret.edu.tr\/havacilik-yonetimi\/","name":"Havac\u0131l\u0131k Y\u00f6netimi","description":"","potentialAction":[{"@type":"SearchAction","target":{"@type":"EntryPoint","urlTemplate":"https:\/\/ticaret.edu.tr\/havacilik-yonetimi\/?s={search_term_string}"},"query-input":"required name=search_term_string"}],"inLanguage":"tr"}]}},"lang":"tr","translations":{"en":1179,"tr":200},"pll_sync_post":[],"_links":{"self":[{"href":"http:\/\/ticaret.edu.tr\/havacilik-yonetimi\/wp-json\/wp\/v2\/pages\/200"}],"collection":[{"href":"http:\/\/ticaret.edu.tr\/havacilik-yonetimi\/wp-json\/wp\/v2\/pages"}],"about":[{"href":"http:\/\/ticaret.edu.tr\/havacilik-yonetimi\/wp-json\/wp\/v2\/types\/page"}],"author":[{"embeddable":true,"href":"http:\/\/ticaret.edu.tr\/havacilik-yonetimi\/wp-json\/wp\/v2\/users\/9"}],"replies":[{"embeddable":true,"href":"http:\/\/ticaret.edu.tr\/havacilik-yonetimi\/wp-json\/wp\/v2\/comments?post=200"}],"version-history":[{"count":8,"href":"http:\/\/ticaret.edu.tr\/havacilik-yonetimi\/wp-json\/wp\/v2\/pages\/200\/revisions"}],"predecessor-version":[{"id":1561,"href":"http:\/\/ticaret.edu.tr\/havacilik-yonetimi\/wp-json\/wp\/v2\/pages\/200\/revisions\/1561"}],"wp:attachment":[{"href":"http:\/\/ticaret.edu.tr\/havacilik-yonetimi\/wp-json\/wp\/v2\/media?parent=200"}],"curies":[{"name":"wp","href":"https:\/\/api.w.org\/{rel}","templated":true}]}}