{"version":"1.0","provider_name":"\u0130ktisat","provider_url":"http:\/\/ticaret.edu.tr\/iktisat","author_name":"sercanyildiz","author_url":"http:\/\/ticaret.edu.tr\/iktisat\/author\/sercanyildiz\/","title":"CESPEU Kapan\u0131\u015f Konferans\u0131 Ger\u00e7ekle\u015ftirildi","type":"rich","width":600,"height":338,"html":"<blockquote class=\"wp-embedded-content\" data-secret=\"phVNOnbrZE\"><a href=\"http:\/\/ticaret.edu.tr\/iktisat\/2025\/07\/28\/cespeu-kapanis-konferansi-gerceklestirildi\/\">CESPEU Kapan\u0131\u015f Konferans\u0131 Ger\u00e7ekle\u015ftirildi<\/a><\/blockquote><iframe sandbox=\"allow-scripts\" security=\"restricted\" src=\"http:\/\/ticaret.edu.tr\/iktisat\/2025\/07\/28\/cespeu-kapanis-konferansi-gerceklestirildi\/embed\/#?secret=phVNOnbrZE\" width=\"600\" height=\"338\" title=\"&#8220;CESPEU Kapan\u0131\u015f Konferans\u0131 Ger\u00e7ekle\u015ftirildi&#8221; &#8212; \u0130ktisat\" data-secret=\"phVNOnbrZE\" frameborder=\"0\" marginwidth=\"0\" marginheight=\"0\" scrolling=\"no\" class=\"wp-embedded-content\"><\/iframe><script type=\"text\/javascript\">\n\/* <![CDATA[ *\/\n\/*! This file is auto-generated *\/\n!function(d,l){\"use strict\";l.querySelector&&d.addEventListener&&\"undefined\"!=typeof URL&&(d.wp=d.wp||{},d.wp.receiveEmbedMessage||(d.wp.receiveEmbedMessage=function(e){var t=e.data;if((t||t.secret||t.message||t.value)&&!\/[^a-zA-Z0-9]\/.test(t.secret)){for(var s,r,n,a=l.querySelectorAll('iframe[data-secret=\"'+t.secret+'\"]'),o=l.querySelectorAll('blockquote[data-secret=\"'+t.secret+'\"]'),c=new RegExp(\"^https?:$\",\"i\"),i=0;i<o.length;i++)o[i].style.display=\"none\";for(i=0;i<a.length;i++)s=a[i],e.source===s.contentWindow&&(s.removeAttribute(\"style\"),\"height\"===t.message?(1e3<(r=parseInt(t.value,10))?r=1e3:~~r<200&&(r=200),s.height=r):\"link\"===t.message&&(r=new URL(s.getAttribute(\"src\")),n=new URL(t.value),c.test(n.protocol))&&n.host===r.host&&l.activeElement===s&&(d.top.location.href=t.value))}},d.addEventListener(\"message\",d.wp.receiveEmbedMessage,!1),l.addEventListener(\"DOMContentLoaded\",function(){for(var e,t,s=l.querySelectorAll(\"iframe.wp-embedded-content\"),r=0;r<s.length;r++)(t=(e=s[r]).getAttribute(\"data-secret\"))||(t=Math.random().toString(36).substring(2,12),e.src+=\"#?secret=\"+t,e.setAttribute(\"data-secret\",t)),e.contentWindow.postMessage({message:\"ready\",secret:t},\"*\")},!1)))}(window,document);\n\/* ]]> *\/\n<\/script>\n","thumbnail_url":"https:\/\/ticaret.edu.tr\/iktisat\/wp-content\/uploads\/sites\/9\/2025\/12\/cespeu-final-kare-2.jpg","thumbnail_width":1080,"thumbnail_height":1080,"description":"\u0130stanbul Ticaret \u00dcniversitesi b\u00fcnyesinde y\u00fcr\u00fct\u00fclen Avrupa Birli\u011fi D\u00f6ng\u00fcsel Ekonomi Politikalar\u0131 ve S\u00fcrd\u00fcr\u00fclebilirlik Jean Monnet K\u00fcrs\u00fcs\u00fc (Jean Monnet Chair for EU\u2019s Circular Economy Policies and Sustainability \u2013 CESPEU) projesi, d\u00fczenlenen kapan\u0131\u015f konferans\u0131 ile \u00fc\u00e7 y\u0131ll\u0131k faaliyet d\u00f6nemini ba\u015far\u0131yla tamamlad\u0131. Yo\u011fun kat\u0131l\u0131mla ger\u00e7ekle\u015ftirilen etkinlikte, alan\u0131nda uzman akademisyenler, ara\u015ft\u0131rmac\u0131lar ve payda\u015flar taraf\u0131ndan d\u00f6ng\u00fcsel ekonomi ve s\u00fcrd\u00fcr\u00fclebilirlik konular\u0131nda kapsaml\u0131 [&hellip;]"}