{"version":"1.0","provider_name":"\u0130nsan ve Toplum Bilimleri Fak\u00fcltesi","provider_url":"http:\/\/ticaret.edu.tr\/insan-ve-toplum-bilimleri-fakultesi","author_name":"dgerceker","author_url":"http:\/\/ticaret.edu.tr\/insan-ve-toplum-bilimleri-fakultesi\/author\/dgerceker\/","title":"Manas Forum 2022 Tamamland\u0131","type":"rich","width":600,"height":338,"html":"<blockquote class=\"wp-embedded-content\" data-secret=\"dz4BMKejYW\"><a href=\"http:\/\/ticaret.edu.tr\/insan-ve-toplum-bilimleri-fakultesi\/2022\/10\/20\/manas-forum-2022-tamamlandi\/\">Manas Forum 2022 Tamamland\u0131<\/a><\/blockquote><iframe sandbox=\"allow-scripts\" security=\"restricted\" src=\"http:\/\/ticaret.edu.tr\/insan-ve-toplum-bilimleri-fakultesi\/2022\/10\/20\/manas-forum-2022-tamamlandi\/embed\/#?secret=dz4BMKejYW\" width=\"600\" height=\"338\" title=\"&#8220;Manas Forum 2022 Tamamland\u0131&#8221; &#8212; \u0130nsan ve Toplum Bilimleri Fak\u00fcltesi\" data-secret=\"dz4BMKejYW\" frameborder=\"0\" marginwidth=\"0\" marginheight=\"0\" scrolling=\"no\" class=\"wp-embedded-content\"><\/iframe><script type=\"text\/javascript\">\n\/* <![CDATA[ *\/\n\/*! This file is auto-generated *\/\n!function(d,l){\"use strict\";l.querySelector&&d.addEventListener&&\"undefined\"!=typeof URL&&(d.wp=d.wp||{},d.wp.receiveEmbedMessage||(d.wp.receiveEmbedMessage=function(e){var t=e.data;if((t||t.secret||t.message||t.value)&&!\/[^a-zA-Z0-9]\/.test(t.secret)){for(var s,r,n,a=l.querySelectorAll('iframe[data-secret=\"'+t.secret+'\"]'),o=l.querySelectorAll('blockquote[data-secret=\"'+t.secret+'\"]'),c=new RegExp(\"^https?:$\",\"i\"),i=0;i<o.length;i++)o[i].style.display=\"none\";for(i=0;i<a.length;i++)s=a[i],e.source===s.contentWindow&&(s.removeAttribute(\"style\"),\"height\"===t.message?(1e3<(r=parseInt(t.value,10))?r=1e3:~~r<200&&(r=200),s.height=r):\"link\"===t.message&&(r=new URL(s.getAttribute(\"src\")),n=new URL(t.value),c.test(n.protocol))&&n.host===r.host&&l.activeElement===s&&(d.top.location.href=t.value))}},d.addEventListener(\"message\",d.wp.receiveEmbedMessage,!1),l.addEventListener(\"DOMContentLoaded\",function(){for(var e,t,s=l.querySelectorAll(\"iframe.wp-embedded-content\"),r=0;r<s.length;r++)(t=(e=s[r]).getAttribute(\"data-secret\"))||(t=Math.random().toString(36).substring(2,12),e.src+=\"#?secret=\"+t,e.setAttribute(\"data-secret\",t)),e.contentWindow.postMessage({message:\"ready\",secret:t},\"*\")},!1)))}(window,document);\n\/* ]]> *\/\n<\/script>\n","thumbnail_url":"https:\/\/ticaret.edu.tr\/insan-ve-toplum-bilimleri-fakultesi\/wp-content\/uploads\/sites\/3\/2022\/10\/Screen-Shot-2022-10-20-at-09.38.431.png","thumbnail_width":1435,"thumbnail_height":887,"description":"K\u0131rg\u0131zistan-T\u00fcrkiye Manas \u00dcniversitesi ev sahipli\u011finde, \u0130stanbul Ticaret \u00dcniversitesi, \u0130stanbul Ayd\u0131n \u00dcniversitesi ve \u0130bn Haldun \u00dcniversitesi ortakl\u0131\u011f\u0131nda K\u0131rg\u0131zistan\u2019\u0131n ba\u015fkenti Bi\u015fkek\u2019te d\u00fczenlenen Manas Forum 2022, bu y\u0131l \u201cAsya\u2019da G\u00fc\u00e7 Ge\u00e7i\u015fi ve G\u00fcvenlik\u201d adl\u0131 uluslararas\u0131 konferansla yap\u0131ld\u0131. Konferansa d\u00fcnyan\u0131n farkl\u0131 b\u00f6lgelerinden alan\u0131nda uzman bir\u00e7ok sayg\u0131n akademisyen kat\u0131ld\u0131. \u0130ki g\u00fcn boyunca alt\u0131 farkl\u0131 oturum d\u00fczenlendi. Manas \u00dcniversitesi Rekt\u00f6r\u00fc Prof. [&hellip;]"}