{"version":"1.0","provider_name":"\u0130nsan ve Toplum Bilimleri Fak\u00fcltesi","provider_url":"http:\/\/ticaret.edu.tr\/insan-ve-toplum-bilimleri-fakultesi","author_name":"dgerceker","author_url":"http:\/\/ticaret.edu.tr\/insan-ve-toplum-bilimleri-fakultesi\/author\/dgerceker\/","title":"IRCICA Genel Kurulu \u0130stanbulda Ger\u00e7ekle\u015ftirildi","type":"rich","width":600,"height":338,"html":"<blockquote class=\"wp-embedded-content\" data-secret=\"QJ7GOeH368\"><a href=\"http:\/\/ticaret.edu.tr\/insan-ve-toplum-bilimleri-fakultesi\/2024\/12\/09\/ircica-genel-kurulu-toplandi\/\">IRCICA Genel Kurulu \u0130stanbulda Ger\u00e7ekle\u015ftirildi<\/a><\/blockquote><iframe sandbox=\"allow-scripts\" security=\"restricted\" src=\"http:\/\/ticaret.edu.tr\/insan-ve-toplum-bilimleri-fakultesi\/2024\/12\/09\/ircica-genel-kurulu-toplandi\/embed\/#?secret=QJ7GOeH368\" width=\"600\" height=\"338\" title=\"&#8220;IRCICA Genel Kurulu \u0130stanbulda Ger\u00e7ekle\u015ftirildi&#8221; &#8212; \u0130nsan ve Toplum Bilimleri Fak\u00fcltesi\" data-secret=\"QJ7GOeH368\" frameborder=\"0\" marginwidth=\"0\" marginheight=\"0\" scrolling=\"no\" class=\"wp-embedded-content\"><\/iframe><script type=\"text\/javascript\">\n\/* <![CDATA[ *\/\n\/*! This file is auto-generated *\/\n!function(d,l){\"use strict\";l.querySelector&&d.addEventListener&&\"undefined\"!=typeof URL&&(d.wp=d.wp||{},d.wp.receiveEmbedMessage||(d.wp.receiveEmbedMessage=function(e){var t=e.data;if((t||t.secret||t.message||t.value)&&!\/[^a-zA-Z0-9]\/.test(t.secret)){for(var s,r,n,a=l.querySelectorAll('iframe[data-secret=\"'+t.secret+'\"]'),o=l.querySelectorAll('blockquote[data-secret=\"'+t.secret+'\"]'),c=new RegExp(\"^https?:$\",\"i\"),i=0;i<o.length;i++)o[i].style.display=\"none\";for(i=0;i<a.length;i++)s=a[i],e.source===s.contentWindow&&(s.removeAttribute(\"style\"),\"height\"===t.message?(1e3<(r=parseInt(t.value,10))?r=1e3:~~r<200&&(r=200),s.height=r):\"link\"===t.message&&(r=new URL(s.getAttribute(\"src\")),n=new URL(t.value),c.test(n.protocol))&&n.host===r.host&&l.activeElement===s&&(d.top.location.href=t.value))}},d.addEventListener(\"message\",d.wp.receiveEmbedMessage,!1),l.addEventListener(\"DOMContentLoaded\",function(){for(var e,t,s=l.querySelectorAll(\"iframe.wp-embedded-content\"),r=0;r<s.length;r++)(t=(e=s[r]).getAttribute(\"data-secret\"))||(t=Math.random().toString(36).substring(2,12),e.src+=\"#?secret=\"+t,e.setAttribute(\"data-secret\",t)),e.contentWindow.postMessage({message:\"ready\",secret:t},\"*\")},!1)))}(window,document);\n\/* ]]> *\/\n<\/script>\n","thumbnail_url":"https:\/\/ticaret.edu.tr\/insan-ve-toplum-bilimleri-fakultesi\/wp-content\/uploads\/sites\/3\/2024\/12\/DSC_5238-scaled.jpg","thumbnail_width":2560,"thumbnail_height":1696,"description":"\u00dcniversitemiz \u00d6\u011fretim \u00dcyesi Prof. Dr. Mustafa Said Yaz\u0131c\u0131o\u011flu\u2019ndan Gazze \u0130\u00e7in Ortak Vicdan \u00c7a\u011fr\u0131s\u0131nda bulundu. \u0130slam \u0130\u015f Birli\u011fi Te\u015fkilat\u0131\u2019na ba\u011fl\u0131 IRCICA\u2019n\u0131n 42. Genel Kurulu, \u0130stanbul\u2019da d\u00fczenlendi. \u00dcniversitemiz \u00f6\u011fretim \u00fcyesi Prof. Dr. Mustafa Said Yaz\u0131c\u0131o\u011flu, sava\u015f ve insani krizlerin ya\u015fand\u0131\u011f\u0131 bir d\u00f6nemde, \u0130slam d\u00fcnyas\u0131n\u0131n ortak bir vicdan ve eylem plan\u0131 geli\u015ftirmesi gerekti\u011fini vurgulad\u0131. Uluslararas\u0131 \u0130slam \u0130\u015f Birli\u011fi [&hellip;]"}