{"id":6,"date":"2020-07-20T07:27:27","date_gmt":"2020-07-20T04:27:27","guid":{"rendered":"http:\/\/ticaret.edu.tr\/kauam\/?page_id=6"},"modified":"2025-12-23T15:54:32","modified_gmt":"2025-12-23T12:54:32","slug":"hakkimizda","status":"publish","type":"page","link":"http:\/\/ticaret.edu.tr\/kadin-ve-aile-uygulama-ve-arastirma-merkezi\/hakkimizda\/","title":{"rendered":"Hakk\u0131m\u0131zda"},"content":{"rendered":"<header class=\"entry-header\">Y\u00d6NET\u0130M KURULU<\/header>\n<header><\/header>\n<p>Dr. \u00d6\u011fr. \u00dcyesi Ay\u015fen Baylak G\u00fcng\u00f6r (M\u00fcd\u00fcr)<\/p>\n<p>Dr. \u00d6\u011fr. \u00dcyesi Selvi Nazl\u0131 G\u00fcven\u00e7 (M\u00fcd\u00fcr Yard\u0131mc\u0131s\u0131\/Y\u00f6netim Kurulu \u00dcyesi)<\/p>\n<p>Prof. Dr. \u0130lke Civeleko\u011flu (Y\u00f6netim Kurulu \u00dcyesi)<\/p>\n<p>Prof. Dr. Zeyneb \u00c7a\u011fl\u0131yan \u0130\u00e7ener (Y\u00f6netim Kurulu \u00dcyesi)<\/p>\n<p>Dr. \u00d6\u011fr. \u00dcyesi \u00dclk\u00fc Ak\u00e7ay (Y\u00f6netim Kurulu \u00dcyesi)<\/p>\n<p>&nbsp;<\/p>\n<p>DANI\u015eMA KURULU<\/p>\n<p>Dr. \u00d6\u011fr. \u00dcyesi Ay\u015fen BAYLAK G\u00dcNG\u00d6R, (\u0130stanbul Ticaret \u00dcniversitesi)<\/p>\n<p>Prof. Dr. \u00d6mer \u00c7AHA (\u0130stanbul Ticaret \u00dcniversitesi)<\/p>\n<p>Do\u00e7. Dr. \u00d6zlem \u0130NG\u00dcN KARKI\u015e (Do\u011fu\u015f \u00dcniversitesi)<\/p>\n<p>Do\u00e7. Dr. \u00dcmm\u00fcg\u00fcls\u00fcm AYSAN (Sa\u011fl\u0131k Bilimleri \u00dcniversitesi)<\/p>\n<p>Do\u00e7. Dr. Yaylag\u00fcl CERAN KARATA\u015e (Medeniyet \u00dcniversitesi)<\/p>\n<p>Dr. \u00d6\u011fr. \u00dcyesi Melike \u0130LER\u0130SOY (\u0130stanbul Ticaret \u00dcniversitesi)<\/p>\n<p>Dr. \u00d6\u011fr. \u00dcyesi Berna EKAL \u015e\u0130M\u015eEK\u200b (Alt\u0131nba\u015f \u00dcniversitesi)<\/p>\n<p>Do\u00e7. Dr. Zeynep Kevser \u015eEREFO\u011eLU DANI\u015e (Fatih Sultan Mehmet \u00dcniversitesi)<\/p>\n<p>Baran ERSOY (\u00d6\u011frenci Temsilcisi- \u0130stanbul Ticaret \u00dcniversitesi)<\/p>\n<p>&nbsp;<\/p>\n<p class=\"entry-title\">M\u0130SYON VE V\u0130ZYON<\/p>\n<p>\u00dclkemizdeki kad\u0131nlar\u0131n sosyal hayatta kar\u015f\u0131la\u015ft\u0131klar\u0131 problemlere \u00e7\u00f6z\u00fcm \u00fcretmek, sosyal hayata kat\u0131l\u0131mlar\u0131n\u0131n \u00f6n\u00fcnde engel te\u015fkil eden fakt\u00f6rleri ortadan kald\u0131rabilmek amac\u0131yla \u00e7al\u0131\u015fmalar yapmak,<\/p>\n<p>\u00dclkemizdeki kad\u0131nlar\u0131n sosyal, siyasal, ekonomik ve k\u00fclt\u00fcrel alanlarda stat\u00fcs\u00fcn\u00fc y\u00fckseltecek faaliyetlerde bulunmak,<\/p>\n<p>Kad\u0131nlar\u0131n sosyal hayatta oldu\u011fu kadar aile i\u00e7erisinde de etkin bireyler olmalar\u0131n\u0131 sa\u011flamak,<\/p>\n<p>Kad\u0131nlar\u0131n karar almak mekanizmalar\u0131na daha fazla kat\u0131l\u0131m g\u00f6stermelerini sa\u011flayacak ve bunu destekleyecek y\u00f6nde \u00e7al\u0131\u015fmalar yapmak,<\/p>\n<p>Kad\u0131nlar\u0131n sosyal hayata kat\u0131l\u0131mlar\u0131n\u0131n \u00f6n ko\u015fullar\u0131ndan biri olan e\u011fitim hakk\u0131ndan, erkekler kadar yararlanabilmelerini sa\u011flamak amac\u0131yla \u00e7al\u0131\u015fmalar yapmak,<\/p>\n<p>Kad\u0131n\u0131n insan haklar\u0131n\u0131 korumak ve bu yolla daha demokratik bir toplum olu\u015fmas\u0131n\u0131 sa\u011flamak amac\u0131yla faaliyetler y\u00fcr\u00fctmek.<\/p>\n<p>T\u00fcm bu misyonlar \u00e7er\u00e7evesinde \u0130stanbul Ticaret \u00dcniversitesi Kad\u0131n Ara\u015ft\u0131rmalar\u0131 Merkezimiz, \u00fclkemizdeki kad\u0131nlar\u0131n sosyal, siyasal, ekonomik ve k\u00fclt\u00fcrel alanlara aktif bir \u015fekilde kat\u0131l\u0131mlar\u0131n\u0131 sa\u011flayarak kad\u0131nlar\u0131n sosyal ya\u015fam i\u00e7erisinde daha iyi bir seviyeye gelmelerinin \u00f6n\u00fcn\u00fc a\u00e7may\u0131 hedeflemektedir. Merkezimiz, kad\u0131nlar\u0131n karar alma mekanizmalar\u0131na aktif bir \u015fekilde kat\u0131l\u0131mlar\u0131n\u0131 destekleme vizyonuna sahip olmakta ve b\u00f6ylece daha demokratik, adil ve kalk\u0131nm\u0131\u015f bir toplum olabilme y\u00f6n\u00fcnde kad\u0131nlar\u0131n g\u00fc\u00e7lendirilmesini ve erkeklerle e\u015fit haklara sahip olmas\u0131n\u0131, adaletin bir ko\u015fulu olarak g\u00f6rmektedir. T\u00fcm bu ama\u00e7lar do\u011frultusunda zirveler, kongreler, konferanslar, \u00e7al\u0131\u015ftaylar, sempozyumlar ve medya kampanyalar\u0131 gibi faaliyetlerde bulunarak, kad\u0131n konusunda toplumsal fark\u0131ndal\u0131\u011f\u0131 art\u0131rmay\u0131 hedeflemektedir.<\/p>\n<p>&nbsp;<\/p>\n<p><strong>Vizyonumuz;<\/strong><\/p>\n<p>Misyonumuz do\u011frultusunda, toplumumuzda farkl\u0131 alanlarda farkl\u0131 birikimlere sahip ve \u00f6nc\u00fc kad\u0131nlardan olu\u015fan bir beyin tak\u0131m\u0131 olu\u015fturarak, toplumun en temel kurumu olan aileyi ve ahlaki de\u011ferleri korumak suretiyle T\u00fcrk kad\u0131nlar\u0131n\u0131, ulusal ve uluslararas\u0131 d\u00fczeyde d\u00fcnya kad\u0131nlar\u0131 ile rekabet edebilecek d\u00fczeye getirecek,<\/p>\n<p>Kad\u0131nlar\u0131m\u0131z\u0131n sosyal hayatta kar\u015f\u0131la\u015ft\u0131klar\u0131 problemlere \u00e7\u00f6z\u00fcm \u00fcreterek onlar\u0131n ya\u015famlar\u0131n\u0131 kolayla\u015ft\u0131racak,<\/p>\n<p>Yaln\u0131zca \u00f6zel hayatta de\u011fil, kamusal hayatta da etkin ve g\u00fc\u00e7l\u00fc bireyler olmalar\u0131n\u0131 sa\u011flayacak,<\/p>\n<p>Kad\u0131nlar\u0131n insan haklar\u0131n\u0131 koruyarak, \u00fclke genelinde demokrasinin h\u00e2kim oldu\u011fu ve ger\u00e7ek adaletin sa\u011fland\u0131\u011f\u0131 bir ya\u015fam alan\u0131 olu\u015fturacak,<\/p>\n<p>Daha \u00e7ok dezavantajl\u0131 konumda bulunan kesime, \u00f6zellikle kad\u0131nlara f\u0131rsat e\u015fitli\u011fi sa\u011flayacak,<\/p>\n<p>Y\u00fcr\u00fctt\u00fc\u011f\u00fc faaliyetlerle T\u00fcrkiye\u2019deki \u00fcniversitelerde mevcut bulunan kad\u0131n ara\u015ft\u0131rma merkezlerinin \u00e7al\u0131\u015fmalar\u0131na ve kendi misyonu ile vizyonu do\u011frultusunda T\u00fcrkiye\u2019deki kad\u0131n \u00e7al\u0131\u015fmalar\u0131na katk\u0131da bulunacak bir Kad\u0131n Ara\u015ft\u0131rmalar\u0131 Merkezi olma vizyonunu benimsemekteyiz.<\/p>\n<div class=\"entry-content\"><\/div>\n<header class=\"entry-header\"><\/header>\n<p>&nbsp;<\/p>\n","protected":false},"excerpt":{"rendered":"<p>Y\u00d6NET\u0130M KURULU Dr. \u00d6\u011fr. \u00dcyesi Ay\u015fen Baylak G\u00fcng\u00f6r (M\u00fcd\u00fcr) Dr. \u00d6\u011fr. \u00dcyesi Selvi Nazl\u0131 G\u00fcven\u00e7 (M\u00fcd\u00fcr Yard\u0131mc\u0131s\u0131\/Y\u00f6netim Kurulu \u00dcyesi) Prof. Dr. \u0130lke Civeleko\u011flu (Y\u00f6netim Kurulu \u00dcyesi) Prof. Dr. Zeyneb \u00c7a\u011fl\u0131yan \u0130\u00e7ener (Y\u00f6netim Kurulu \u00dcyesi) Dr. \u00d6\u011fr. \u00dcyesi \u00dclk\u00fc Ak\u00e7ay (Y\u00f6netim Kurulu \u00dcyesi) &nbsp; DANI\u015eMA KURULU Dr. \u00d6\u011fr. \u00dcyesi Ay\u015fen BAYLAK G\u00dcNG\u00d6R, (\u0130stanbul Ticaret \u00dcniversitesi) Prof. [&hellip;]<\/p>\n","protected":false},"author":142,"featured_media":0,"parent":0,"menu_order":0,"comment_status":"closed","ping_status":"closed","template":"genel_sayfa.php","meta":{"footnotes":""},"yoast_head":"<!-- This site is optimized with the Yoast SEO Premium plugin v22.1 (Yoast SEO v22.1) - https:\/\/yoast.com\/wordpress\/plugins\/seo\/ -->\n<title>Hakk\u0131m\u0131zda - Kad\u0131n ve Aile Uygulama ve Ara\u015ft\u0131rma Merkezi<\/title>\n<meta name=\"description\" content=\"Hakk\u0131m\u0131zda\" \/>\n<meta name=\"robots\" content=\"index, follow, max-snippet:-1, max-image-preview:large, max-video-preview:-1\" \/>\n<link rel=\"canonical\" href=\"https:\/\/ticaret.edu.tr\/kadin-ve-aile-uygulama-ve-arastirma-merkezi\/hakkimizda\/\" \/>\n<meta property=\"og:locale\" content=\"tr_TR\" \/>\n<meta property=\"og:type\" content=\"article\" \/>\n<meta property=\"og:title\" content=\"Hakk\u0131m\u0131zda\" \/>\n<meta property=\"og:description\" content=\"Hakk\u0131m\u0131zda\" \/>\n<meta property=\"og:url\" content=\"https:\/\/ticaret.edu.tr\/kadin-ve-aile-uygulama-ve-arastirma-merkezi\/hakkimizda\/\" \/>\n<meta property=\"og:site_name\" content=\"Kad\u0131n ve Aile Uygulama ve Ara\u015ft\u0131rma Merkezi\" \/>\n<meta property=\"article:publisher\" content=\"https:\/\/www.facebook.com\/ticaretedutr\" \/>\n<meta property=\"article:modified_time\" content=\"2025-12-23T12:54:32+00:00\" \/>\n<meta property=\"og:image\" content=\"http:\/\/ticaret.edu.tr\/kadin-ve-aile-uygulama-ve-arastirma-merkezi\/wp-content\/uploads\/sites\/50\/2021\/11\/web_logo-01.jpg\" \/>\n\t<meta property=\"og:image:width\" content=\"1250\" \/>\n\t<meta property=\"og:image:height\" content=\"833\" \/>\n\t<meta property=\"og:image:type\" content=\"image\/jpeg\" \/>\n<meta name=\"twitter:card\" content=\"summary_large_image\" \/>\n<meta name=\"twitter:site\" content=\"@ticaretedutr\" \/>\n<meta name=\"twitter:label1\" content=\"Tahmini okuma s\u00fcresi\" \/>\n\t<meta name=\"twitter:data1\" content=\"3 dakika\" \/>\n<script type=\"application\/ld+json\" class=\"yoast-schema-graph\">{\"@context\":\"https:\/\/schema.org\",\"@graph\":[{\"@type\":\"WebPage\",\"@id\":\"https:\/\/ticaret.edu.tr\/kadin-ve-aile-uygulama-ve-arastirma-merkezi\/hakkimizda\/\",\"url\":\"https:\/\/ticaret.edu.tr\/kadin-ve-aile-uygulama-ve-arastirma-merkezi\/hakkimizda\/\",\"name\":\"Hakk\u0131m\u0131zda - Kad\u0131n ve Aile Uygulama ve Ara\u015ft\u0131rma Merkezi\",\"isPartOf\":{\"@id\":\"http:\/\/ticaret.edu.tr\/kadin-ve-aile-uygulama-ve-arastirma-merkezi\/en\/#website\"},\"datePublished\":\"2020-07-20T04:27:27+00:00\",\"dateModified\":\"2025-12-23T12:54:32+00:00\",\"description\":\"Hakk\u0131m\u0131zda\",\"breadcrumb\":{\"@id\":\"https:\/\/ticaret.edu.tr\/kadin-ve-aile-uygulama-ve-arastirma-merkezi\/hakkimizda\/#breadcrumb\"},\"inLanguage\":\"tr\",\"potentialAction\":[{\"@type\":\"ReadAction\",\"target\":[\"https:\/\/ticaret.edu.tr\/kadin-ve-aile-uygulama-ve-arastirma-merkezi\/hakkimizda\/\"]}]},{\"@type\":\"BreadcrumbList\",\"@id\":\"https:\/\/ticaret.edu.tr\/kadin-ve-aile-uygulama-ve-arastirma-merkezi\/hakkimizda\/#breadcrumb\",\"itemListElement\":[{\"@type\":\"ListItem\",\"position\":1,\"name\":\"Ana sayfa\",\"item\":\"https:\/\/ticaret.edu.tr\/kadin-ve-aile-uygulama-ve-arastirma-merkezi\/\"},{\"@type\":\"ListItem\",\"position\":2,\"name\":\"Hakk\u0131m\u0131zda\"}]},{\"@type\":\"WebSite\",\"@id\":\"http:\/\/ticaret.edu.tr\/kadin-ve-aile-uygulama-ve-arastirma-merkezi\/en\/#website\",\"url\":\"http:\/\/ticaret.edu.tr\/kadin-ve-aile-uygulama-ve-arastirma-merkezi\/en\/\",\"name\":\"Kad\u0131n ve Aile Uygulama ve Ara\u015ft\u0131rma Merkezi\",\"description\":\"Bir ba\u015fka \u0130stanbul Ticaret \u00dcniversitesi site sitesi\",\"potentialAction\":[{\"@type\":\"SearchAction\",\"target\":{\"@type\":\"EntryPoint\",\"urlTemplate\":\"http:\/\/ticaret.edu.tr\/kadin-ve-aile-uygulama-ve-arastirma-merkezi\/en\/?s={search_term_string}\"},\"query-input\":\"required name=search_term_string\"}],\"inLanguage\":\"tr\"}]}<\/script>\n<!-- \/ Yoast SEO Premium plugin. -->","yoast_head_json":{"title":"Hakk\u0131m\u0131zda - Kad\u0131n ve Aile Uygulama ve Ara\u015ft\u0131rma Merkezi","description":"Hakk\u0131m\u0131zda","robots":{"index":"index","follow":"follow","max-snippet":"max-snippet:-1","max-image-preview":"max-image-preview:large","max-video-preview":"max-video-preview:-1"},"canonical":"https:\/\/ticaret.edu.tr\/kadin-ve-aile-uygulama-ve-arastirma-merkezi\/hakkimizda\/","og_locale":"tr_TR","og_type":"article","og_title":"Hakk\u0131m\u0131zda","og_description":"Hakk\u0131m\u0131zda","og_url":"https:\/\/ticaret.edu.tr\/kadin-ve-aile-uygulama-ve-arastirma-merkezi\/hakkimizda\/","og_site_name":"Kad\u0131n ve Aile Uygulama ve Ara\u015ft\u0131rma Merkezi","article_publisher":"https:\/\/www.facebook.com\/ticaretedutr","article_modified_time":"2025-12-23T12:54:32+00:00","og_image":[{"width":1250,"height":833,"url":"http:\/\/ticaret.edu.tr\/kadin-ve-aile-uygulama-ve-arastirma-merkezi\/wp-content\/uploads\/sites\/50\/2021\/11\/web_logo-01.jpg","type":"image\/jpeg"}],"twitter_card":"summary_large_image","twitter_site":"@ticaretedutr","twitter_misc":{"Tahmini okuma s\u00fcresi":"3 dakika"},"schema":{"@context":"https:\/\/schema.org","@graph":[{"@type":"WebPage","@id":"https:\/\/ticaret.edu.tr\/kadin-ve-aile-uygulama-ve-arastirma-merkezi\/hakkimizda\/","url":"https:\/\/ticaret.edu.tr\/kadin-ve-aile-uygulama-ve-arastirma-merkezi\/hakkimizda\/","name":"Hakk\u0131m\u0131zda - Kad\u0131n ve Aile Uygulama ve Ara\u015ft\u0131rma Merkezi","isPartOf":{"@id":"http:\/\/ticaret.edu.tr\/kadin-ve-aile-uygulama-ve-arastirma-merkezi\/en\/#website"},"datePublished":"2020-07-20T04:27:27+00:00","dateModified":"2025-12-23T12:54:32+00:00","description":"Hakk\u0131m\u0131zda","breadcrumb":{"@id":"https:\/\/ticaret.edu.tr\/kadin-ve-aile-uygulama-ve-arastirma-merkezi\/hakkimizda\/#breadcrumb"},"inLanguage":"tr","potentialAction":[{"@type":"ReadAction","target":["https:\/\/ticaret.edu.tr\/kadin-ve-aile-uygulama-ve-arastirma-merkezi\/hakkimizda\/"]}]},{"@type":"BreadcrumbList","@id":"https:\/\/ticaret.edu.tr\/kadin-ve-aile-uygulama-ve-arastirma-merkezi\/hakkimizda\/#breadcrumb","itemListElement":[{"@type":"ListItem","position":1,"name":"Ana sayfa","item":"https:\/\/ticaret.edu.tr\/kadin-ve-aile-uygulama-ve-arastirma-merkezi\/"},{"@type":"ListItem","position":2,"name":"Hakk\u0131m\u0131zda"}]},{"@type":"WebSite","@id":"http:\/\/ticaret.edu.tr\/kadin-ve-aile-uygulama-ve-arastirma-merkezi\/en\/#website","url":"http:\/\/ticaret.edu.tr\/kadin-ve-aile-uygulama-ve-arastirma-merkezi\/en\/","name":"Kad\u0131n ve Aile Uygulama ve Ara\u015ft\u0131rma Merkezi","description":"Bir ba\u015fka \u0130stanbul Ticaret \u00dcniversitesi site sitesi","potentialAction":[{"@type":"SearchAction","target":{"@type":"EntryPoint","urlTemplate":"http:\/\/ticaret.edu.tr\/kadin-ve-aile-uygulama-ve-arastirma-merkezi\/en\/?s={search_term_string}"},"query-input":"required name=search_term_string"}],"inLanguage":"tr"}]}},"lang":"tr","translations":{"en":435,"tr":6},"pll_sync_post":[],"_links":{"self":[{"href":"http:\/\/ticaret.edu.tr\/kadin-ve-aile-uygulama-ve-arastirma-merkezi\/wp-json\/wp\/v2\/pages\/6"}],"collection":[{"href":"http:\/\/ticaret.edu.tr\/kadin-ve-aile-uygulama-ve-arastirma-merkezi\/wp-json\/wp\/v2\/pages"}],"about":[{"href":"http:\/\/ticaret.edu.tr\/kadin-ve-aile-uygulama-ve-arastirma-merkezi\/wp-json\/wp\/v2\/types\/page"}],"author":[{"embeddable":true,"href":"http:\/\/ticaret.edu.tr\/kadin-ve-aile-uygulama-ve-arastirma-merkezi\/wp-json\/wp\/v2\/users\/142"}],"replies":[{"embeddable":true,"href":"http:\/\/ticaret.edu.tr\/kadin-ve-aile-uygulama-ve-arastirma-merkezi\/wp-json\/wp\/v2\/comments?post=6"}],"version-history":[{"count":24,"href":"http:\/\/ticaret.edu.tr\/kadin-ve-aile-uygulama-ve-arastirma-merkezi\/wp-json\/wp\/v2\/pages\/6\/revisions"}],"predecessor-version":[{"id":843,"href":"http:\/\/ticaret.edu.tr\/kadin-ve-aile-uygulama-ve-arastirma-merkezi\/wp-json\/wp\/v2\/pages\/6\/revisions\/843"}],"wp:attachment":[{"href":"http:\/\/ticaret.edu.tr\/kadin-ve-aile-uygulama-ve-arastirma-merkezi\/wp-json\/wp\/v2\/media?parent=6"}],"curies":[{"name":"wp","href":"https:\/\/api.w.org\/{rel}","templated":true}]}}