{"id":1208,"date":"2026-01-30T10:35:32","date_gmt":"2026-01-30T07:35:32","guid":{"rendered":"https:\/\/ticaret.edu.tr\/saglik-kultur-ve-spor-daire-baskanligi\/?page_id=1208"},"modified":"2026-03-11T12:02:17","modified_gmt":"2026-03-11T09:02:17","slug":"afis-kullanim-standartlari","status":"publish","type":"page","link":"http:\/\/ticaret.edu.tr\/saglik-kultur-ve-spor-daire-baskanligi\/afis-kullanim-standartlari\/","title":{"rendered":"Afi\u015f Kullan\u0131m Standartlar\u0131"},"content":{"rendered":"<p><strong>\u00d6\u011frenci Topluluklar\u0131 Afi\u015f Tasar\u0131m ve Yay\u0131n Kurallar\u0131<\/strong><\/p>\n<p>\u00dcniversitemiz \u00f6\u011frenci topluluklar\u0131 taraf\u0131ndan d\u00fczenlenen etkinlik, seminer, konferans, panel ve benzeri organizasyonlar\u0131n duyurulmas\u0131na y\u00f6nelik haz\u0131rlanan afi\u015flerin; \u00fcniversitemizin kurumsal kimlik standartlar\u0131na uygun \u015fekilde haz\u0131rlanmas\u0131 gerekmektedir.<\/p>\n<p>Bu kapsamda, afi\u015flerde \u00fcniversitemize ait kurumsal logonun do\u011fru kullan\u0131m\u0131n\u0131 sa\u011flamak amac\u0131yla Kurumsal Afi\u015f Tasla\u011f\u0131 haz\u0131rlanm\u0131\u015f olup d\u00fczenlenebilir formatta payla\u015f\u0131lmaktad\u0131r. Haz\u0131rlanan \u015fablonda \u00fcniversitemize ait kurumsal logo ve KareKod yer almakta olup, topluluklar\u0131n afi\u015f tasar\u0131mlar\u0131n\u0131 bu \u015fablon \u00fczerinden haz\u0131rlamalar\u0131 gerekmektedir.<\/p>\n<p>Haz\u0131rlanan afi\u015flerin, \u00fcniversitemiz ana sayfas\u0131nda yer alan Duyuru ve Etkinlikler b\u00f6l\u00fcm\u00fcnde yay\u0131mlanabilmesi ve kamp\u00fcs panolar\u0131nda kullan\u0131labilmesi i\u00e7in etkinlik ba\u015fvurusunun onaylanm\u0131\u015f olmas\u0131 gerekmektedir.<\/p>\n<p><strong>Etkinlik Ba\u015fvurunuz onayland\u0131ktan sonra afi\u015flerinizi asabilmeniz i\u00e7in Ba\u015fkanl\u0131\u011f\u0131m\u0131z taraf\u0131ndan afi\u015flerin ka\u015felenmesi gerekmektedir.<\/strong><\/p>\n<p>&nbsp;<\/p>\n<h3><strong>\u00d6RNEK AF\u0130\u015e TASLA\u011eI<\/strong><\/h3>\n<p>&nbsp;<\/p>\n<p><img loading=\"lazy\" decoding=\"async\" class=\"alignnone wp-image-1307 size-large\" src=\"http:\/\/ticaret.edu.tr\/saglik-kultur-ve-spor-daire-baskanligi\/wp-content\/uploads\/sites\/32\/2026\/03\/y4ny8fjh9v-sag-lik-ku-ltu-r-ve-spor-daire-bas-kanlig-i-kurumsal-afis-taslag-i-pdf_page-0001-729x1024.jpg\" alt=\"\" width=\"729\" height=\"1024\" srcset=\"http:\/\/ticaret.edu.tr\/saglik-kultur-ve-spor-daire-baskanligi\/wp-content\/uploads\/sites\/32\/2026\/03\/y4ny8fjh9v-sag-lik-ku-ltu-r-ve-spor-daire-bas-kanlig-i-kurumsal-afis-taslag-i-pdf_page-0001-729x1024.jpg 729w, http:\/\/ticaret.edu.tr\/saglik-kultur-ve-spor-daire-baskanligi\/wp-content\/uploads\/sites\/32\/2026\/03\/y4ny8fjh9v-sag-lik-ku-ltu-r-ve-spor-daire-bas-kanlig-i-kurumsal-afis-taslag-i-pdf_page-0001-213x300.jpg 213w, http:\/\/ticaret.edu.tr\/saglik-kultur-ve-spor-daire-baskanligi\/wp-content\/uploads\/sites\/32\/2026\/03\/y4ny8fjh9v-sag-lik-ku-ltu-r-ve-spor-daire-bas-kanlig-i-kurumsal-afis-taslag-i-pdf_page-0001-768x1079.jpg 768w, http:\/\/ticaret.edu.tr\/saglik-kultur-ve-spor-daire-baskanligi\/wp-content\/uploads\/sites\/32\/2026\/03\/y4ny8fjh9v-sag-lik-ku-ltu-r-ve-spor-daire-bas-kanlig-i-kurumsal-afis-taslag-i-pdf_page-0001-1093x1536.jpg 1093w, http:\/\/ticaret.edu.tr\/saglik-kultur-ve-spor-daire-baskanligi\/wp-content\/uploads\/sites\/32\/2026\/03\/y4ny8fjh9v-sag-lik-ku-ltu-r-ve-spor-daire-bas-kanlig-i-kurumsal-afis-taslag-i-pdf_page-0001-1457x2048.jpg 1457w, http:\/\/ticaret.edu.tr\/saglik-kultur-ve-spor-daire-baskanligi\/wp-content\/uploads\/sites\/32\/2026\/03\/y4ny8fjh9v-sag-lik-ku-ltu-r-ve-spor-daire-bas-kanlig-i-kurumsal-afis-taslag-i-pdf_page-0001.jpg 1790w\" sizes=\"(max-width: 729px) 100vw, 729px\" \/><\/p>\n<p><a href=\"http:\/\/ticaret.edu.tr\/saglik-kultur-ve-spor-daire-baskanligi\/wp-content\/uploads\/sites\/32\/2026\/02\/y4ny8fjh9v-sag-lik-ku-ltu-r-ve-spor-daire-bas-kanlig-i-kurumsal-afis-taslag-i-pdf.pdf\">Sa\u011fl\u0131k K\u00fclt\u00fcr ve Spor Daire Ba\u015fkanl\u0131\u011f\u0131 Kurumsal Afi\u015f Tasla\u011f\u0131 (PDF)<\/a><\/p>\n<p><a href=\"https:\/\/ticaret.edu.tr\/wp-content\/uploads\/sks\/sks-kurumsal-afis-taslagi.ai\">Sa\u011fl\u0131k K\u00fclt\u00fcr ve Spor Daire Ba\u015fkanl\u0131\u011f\u0131 Kurumsal Afi\u015f Tasla\u011f\u0131 (AI)<\/a><\/p>\n<p><a href=\"https:\/\/ticaret.edu.tr\/wp-content\/uploads\/sks\/sks-kurumsal-afis-taslagi.eps\">Sa\u011fl\u0131k K\u00fclt\u00fcr ve Spor Daire Ba\u015fkanl\u0131\u011f\u0131 Kurumsal Afi\u015f Tasla\u011f\u0131 (EPS)<\/a><\/p>\n<p><a href=\"https:\/\/ticaret.edu.tr\/wp-content\/uploads\/sks\/sks-kurumsal-afis-taslagi.psd\">Sa\u011fl\u0131k K\u00fclt\u00fcr ve Spor Daire Ba\u015fkanl\u0131\u011f\u0131 Kurumsal Afi\u015f Tasla\u011f\u0131 (PSD)<\/a><\/p>\n","protected":false},"excerpt":{"rendered":"<p>\u00d6\u011frenci Topluluklar\u0131 Afi\u015f Tasar\u0131m ve Yay\u0131n Kurallar\u0131 \u00dcniversitemiz \u00f6\u011frenci topluluklar\u0131 taraf\u0131ndan d\u00fczenlenen etkinlik, seminer, konferans, panel ve benzeri organizasyonlar\u0131n duyurulmas\u0131na y\u00f6nelik haz\u0131rlanan afi\u015flerin; \u00fcniversitemizin kurumsal kimlik standartlar\u0131na uygun \u015fekilde haz\u0131rlanmas\u0131 gerekmektedir. Bu kapsamda, afi\u015flerde \u00fcniversitemize ait kurumsal logonun do\u011fru kullan\u0131m\u0131n\u0131 sa\u011flamak amac\u0131yla Kurumsal Afi\u015f Tasla\u011f\u0131 haz\u0131rlanm\u0131\u015f olup d\u00fczenlenebilir formatta payla\u015f\u0131lmaktad\u0131r. Haz\u0131rlanan \u015fablonda \u00fcniversitemize ait kurumsal [&hellip;]<\/p>\n","protected":false},"author":242,"featured_media":0,"parent":0,"menu_order":0,"comment_status":"closed","ping_status":"closed","template":"genel_sayfa.php","meta":{"footnotes":""},"yoast_head":"<!-- This site is optimized with the Yoast SEO Premium plugin v22.1 (Yoast SEO v22.1) - https:\/\/yoast.com\/wordpress\/plugins\/seo\/ -->\n<title>Afi\u015f Kullan\u0131m Standartlar\u0131 - Sa\u011fl\u0131k K\u00fclt\u00fcr ve Spor Daire Ba\u015fkanl\u0131\u011f\u0131<\/title>\n<meta name=\"robots\" content=\"index, follow, max-snippet:-1, max-image-preview:large, max-video-preview:-1\" \/>\n<link rel=\"canonical\" href=\"https:\/\/ticaret.edu.tr\/saglik-kultur-ve-spor-daire-baskanligi\/afis-kullanim-standartlari\/\" \/>\n<meta property=\"og:locale\" content=\"tr_TR\" \/>\n<meta property=\"og:type\" content=\"article\" \/>\n<meta property=\"og:title\" content=\"Afi\u015f Kullan\u0131m Standartlar\u0131\" \/>\n<meta property=\"og:description\" content=\"\u00d6\u011frenci Topluluklar\u0131 Afi\u015f Tasar\u0131m ve Yay\u0131n Kurallar\u0131 \u00dcniversitemiz \u00f6\u011frenci topluluklar\u0131 taraf\u0131ndan d\u00fczenlenen etkinlik, seminer, konferans, panel ve benzeri organizasyonlar\u0131n duyurulmas\u0131na y\u00f6nelik haz\u0131rlanan afi\u015flerin; \u00fcniversitemizin kurumsal kimlik standartlar\u0131na uygun \u015fekilde haz\u0131rlanmas\u0131 gerekmektedir. Bu kapsamda, afi\u015flerde \u00fcniversitemize ait kurumsal logonun do\u011fru kullan\u0131m\u0131n\u0131 sa\u011flamak amac\u0131yla Kurumsal Afi\u015f Tasla\u011f\u0131 haz\u0131rlanm\u0131\u015f olup d\u00fczenlenebilir formatta payla\u015f\u0131lmaktad\u0131r. Haz\u0131rlanan \u015fablonda \u00fcniversitemize ait kurumsal [&hellip;]\" \/>\n<meta property=\"og:url\" content=\"https:\/\/ticaret.edu.tr\/saglik-kultur-ve-spor-daire-baskanligi\/afis-kullanim-standartlari\/\" \/>\n<meta property=\"og:site_name\" content=\"Sa\u011fl\u0131k K\u00fclt\u00fcr ve Spor Daire Ba\u015fkanl\u0131\u011f\u0131\" \/>\n<meta property=\"article:publisher\" content=\"https:\/\/www.facebook.com\/ticaretedutr\" \/>\n<meta property=\"article:modified_time\" content=\"2026-03-11T09:02:17+00:00\" \/>\n<meta property=\"og:image\" content=\"http:\/\/ticaret.edu.tr\/saglik-kultur-ve-spor-daire-baskanligi\/wp-content\/uploads\/sites\/32\/2026\/03\/y4ny8fjh9v-sag-lik-ku-ltu-r-ve-spor-daire-bas-kanlig-i-kurumsal-afis-taslag-i-pdf_page-0001-729x1024.jpg\" \/>\n<meta name=\"twitter:card\" content=\"summary_large_image\" \/>\n<meta name=\"twitter:site\" content=\"@ticaretedutr\" \/>\n<meta name=\"twitter:label1\" content=\"Tahmini okuma s\u00fcresi\" \/>\n\t<meta name=\"twitter:data1\" content=\"2 dakika\" \/>\n<script type=\"application\/ld+json\" class=\"yoast-schema-graph\">{\"@context\":\"https:\/\/schema.org\",\"@graph\":[{\"@type\":\"WebPage\",\"@id\":\"https:\/\/ticaret.edu.tr\/saglik-kultur-ve-spor-daire-baskanligi\/afis-kullanim-standartlari\/\",\"url\":\"https:\/\/ticaret.edu.tr\/saglik-kultur-ve-spor-daire-baskanligi\/afis-kullanim-standartlari\/\",\"name\":\"Afi\u015f Kullan\u0131m Standartlar\u0131 - Sa\u011fl\u0131k K\u00fclt\u00fcr ve Spor Daire Ba\u015fkanl\u0131\u011f\u0131\",\"isPartOf\":{\"@id\":\"https:\/\/ticaret.edu.tr\/saglik-kultur-ve-spor-daire-baskanligi\/#website\"},\"datePublished\":\"2026-01-30T07:35:32+00:00\",\"dateModified\":\"2026-03-11T09:02:17+00:00\",\"breadcrumb\":{\"@id\":\"https:\/\/ticaret.edu.tr\/saglik-kultur-ve-spor-daire-baskanligi\/afis-kullanim-standartlari\/#breadcrumb\"},\"inLanguage\":\"tr\",\"potentialAction\":[{\"@type\":\"ReadAction\",\"target\":[\"https:\/\/ticaret.edu.tr\/saglik-kultur-ve-spor-daire-baskanligi\/afis-kullanim-standartlari\/\"]}]},{\"@type\":\"BreadcrumbList\",\"@id\":\"https:\/\/ticaret.edu.tr\/saglik-kultur-ve-spor-daire-baskanligi\/afis-kullanim-standartlari\/#breadcrumb\",\"itemListElement\":[{\"@type\":\"ListItem\",\"position\":1,\"name\":\"Ana sayfa\",\"item\":\"https:\/\/ticaret.edu.tr\/saglik-kultur-ve-spor-daire-baskanligi\/\"},{\"@type\":\"ListItem\",\"position\":2,\"name\":\"Afi\u015f Kullan\u0131m Standartlar\u0131\"}]},{\"@type\":\"WebSite\",\"@id\":\"https:\/\/ticaret.edu.tr\/saglik-kultur-ve-spor-daire-baskanligi\/#website\",\"url\":\"https:\/\/ticaret.edu.tr\/saglik-kultur-ve-spor-daire-baskanligi\/\",\"name\":\"Sa\u011fl\u0131k K\u00fclt\u00fcr ve Spor Daire Ba\u015fkanl\u0131\u011f\u0131\",\"description\":\"\",\"potentialAction\":[{\"@type\":\"SearchAction\",\"target\":{\"@type\":\"EntryPoint\",\"urlTemplate\":\"https:\/\/ticaret.edu.tr\/saglik-kultur-ve-spor-daire-baskanligi\/?s={search_term_string}\"},\"query-input\":\"required name=search_term_string\"}],\"inLanguage\":\"tr\"}]}<\/script>\n<!-- \/ Yoast SEO Premium plugin. -->","yoast_head_json":{"title":"Afi\u015f Kullan\u0131m Standartlar\u0131 - Sa\u011fl\u0131k K\u00fclt\u00fcr ve Spor Daire Ba\u015fkanl\u0131\u011f\u0131","robots":{"index":"index","follow":"follow","max-snippet":"max-snippet:-1","max-image-preview":"max-image-preview:large","max-video-preview":"max-video-preview:-1"},"canonical":"https:\/\/ticaret.edu.tr\/saglik-kultur-ve-spor-daire-baskanligi\/afis-kullanim-standartlari\/","og_locale":"tr_TR","og_type":"article","og_title":"Afi\u015f Kullan\u0131m Standartlar\u0131","og_description":"\u00d6\u011frenci Topluluklar\u0131 Afi\u015f Tasar\u0131m ve Yay\u0131n Kurallar\u0131 \u00dcniversitemiz \u00f6\u011frenci topluluklar\u0131 taraf\u0131ndan d\u00fczenlenen etkinlik, seminer, konferans, panel ve benzeri organizasyonlar\u0131n duyurulmas\u0131na y\u00f6nelik haz\u0131rlanan afi\u015flerin; \u00fcniversitemizin kurumsal kimlik standartlar\u0131na uygun \u015fekilde haz\u0131rlanmas\u0131 gerekmektedir. Bu kapsamda, afi\u015flerde \u00fcniversitemize ait kurumsal logonun do\u011fru kullan\u0131m\u0131n\u0131 sa\u011flamak amac\u0131yla Kurumsal Afi\u015f Tasla\u011f\u0131 haz\u0131rlanm\u0131\u015f olup d\u00fczenlenebilir formatta payla\u015f\u0131lmaktad\u0131r. Haz\u0131rlanan \u015fablonda \u00fcniversitemize ait kurumsal [&hellip;]","og_url":"https:\/\/ticaret.edu.tr\/saglik-kultur-ve-spor-daire-baskanligi\/afis-kullanim-standartlari\/","og_site_name":"Sa\u011fl\u0131k K\u00fclt\u00fcr ve Spor Daire Ba\u015fkanl\u0131\u011f\u0131","article_publisher":"https:\/\/www.facebook.com\/ticaretedutr","article_modified_time":"2026-03-11T09:02:17+00:00","og_image":[{"url":"http:\/\/ticaret.edu.tr\/saglik-kultur-ve-spor-daire-baskanligi\/wp-content\/uploads\/sites\/32\/2026\/03\/y4ny8fjh9v-sag-lik-ku-ltu-r-ve-spor-daire-bas-kanlig-i-kurumsal-afis-taslag-i-pdf_page-0001-729x1024.jpg"}],"twitter_card":"summary_large_image","twitter_site":"@ticaretedutr","twitter_misc":{"Tahmini okuma s\u00fcresi":"2 dakika"},"schema":{"@context":"https:\/\/schema.org","@graph":[{"@type":"WebPage","@id":"https:\/\/ticaret.edu.tr\/saglik-kultur-ve-spor-daire-baskanligi\/afis-kullanim-standartlari\/","url":"https:\/\/ticaret.edu.tr\/saglik-kultur-ve-spor-daire-baskanligi\/afis-kullanim-standartlari\/","name":"Afi\u015f Kullan\u0131m Standartlar\u0131 - Sa\u011fl\u0131k K\u00fclt\u00fcr ve Spor Daire Ba\u015fkanl\u0131\u011f\u0131","isPartOf":{"@id":"https:\/\/ticaret.edu.tr\/saglik-kultur-ve-spor-daire-baskanligi\/#website"},"datePublished":"2026-01-30T07:35:32+00:00","dateModified":"2026-03-11T09:02:17+00:00","breadcrumb":{"@id":"https:\/\/ticaret.edu.tr\/saglik-kultur-ve-spor-daire-baskanligi\/afis-kullanim-standartlari\/#breadcrumb"},"inLanguage":"tr","potentialAction":[{"@type":"ReadAction","target":["https:\/\/ticaret.edu.tr\/saglik-kultur-ve-spor-daire-baskanligi\/afis-kullanim-standartlari\/"]}]},{"@type":"BreadcrumbList","@id":"https:\/\/ticaret.edu.tr\/saglik-kultur-ve-spor-daire-baskanligi\/afis-kullanim-standartlari\/#breadcrumb","itemListElement":[{"@type":"ListItem","position":1,"name":"Ana sayfa","item":"https:\/\/ticaret.edu.tr\/saglik-kultur-ve-spor-daire-baskanligi\/"},{"@type":"ListItem","position":2,"name":"Afi\u015f Kullan\u0131m Standartlar\u0131"}]},{"@type":"WebSite","@id":"https:\/\/ticaret.edu.tr\/saglik-kultur-ve-spor-daire-baskanligi\/#website","url":"https:\/\/ticaret.edu.tr\/saglik-kultur-ve-spor-daire-baskanligi\/","name":"Sa\u011fl\u0131k K\u00fclt\u00fcr ve Spor Daire Ba\u015fkanl\u0131\u011f\u0131","description":"","potentialAction":[{"@type":"SearchAction","target":{"@type":"EntryPoint","urlTemplate":"https:\/\/ticaret.edu.tr\/saglik-kultur-ve-spor-daire-baskanligi\/?s={search_term_string}"},"query-input":"required name=search_term_string"}],"inLanguage":"tr"}]}},"lang":"tr","translations":{"tr":1208},"pll_sync_post":[],"_links":{"self":[{"href":"http:\/\/ticaret.edu.tr\/saglik-kultur-ve-spor-daire-baskanligi\/wp-json\/wp\/v2\/pages\/1208"}],"collection":[{"href":"http:\/\/ticaret.edu.tr\/saglik-kultur-ve-spor-daire-baskanligi\/wp-json\/wp\/v2\/pages"}],"about":[{"href":"http:\/\/ticaret.edu.tr\/saglik-kultur-ve-spor-daire-baskanligi\/wp-json\/wp\/v2\/types\/page"}],"author":[{"embeddable":true,"href":"http:\/\/ticaret.edu.tr\/saglik-kultur-ve-spor-daire-baskanligi\/wp-json\/wp\/v2\/users\/242"}],"replies":[{"embeddable":true,"href":"http:\/\/ticaret.edu.tr\/saglik-kultur-ve-spor-daire-baskanligi\/wp-json\/wp\/v2\/comments?post=1208"}],"version-history":[{"count":8,"href":"http:\/\/ticaret.edu.tr\/saglik-kultur-ve-spor-daire-baskanligi\/wp-json\/wp\/v2\/pages\/1208\/revisions"}],"predecessor-version":[{"id":1310,"href":"http:\/\/ticaret.edu.tr\/saglik-kultur-ve-spor-daire-baskanligi\/wp-json\/wp\/v2\/pages\/1208\/revisions\/1310"}],"wp:attachment":[{"href":"http:\/\/ticaret.edu.tr\/saglik-kultur-ve-spor-daire-baskanligi\/wp-json\/wp\/v2\/media?parent=1208"}],"curies":[{"name":"wp","href":"https:\/\/api.w.org\/{rel}","templated":true}]}}