{"id":52,"date":"2020-05-05T13:31:35","date_gmt":"2020-05-05T10:31:35","guid":{"rendered":"http:\/\/ticaret.edu.tr\/sks\/?page_id=52"},"modified":"2026-01-30T11:38:49","modified_gmt":"2026-01-30T08:38:49","slug":"spor-etkinlikleri","status":"publish","type":"page","link":"http:\/\/ticaret.edu.tr\/saglik-kultur-ve-spor-daire-baskanligi\/spor-etkinlikleri\/","title":{"rendered":"Spor Etkinlikleri"},"content":{"rendered":"<p><strong>Geleneksel Spor Turnuvalar\u0131 25 <\/strong><\/p>\n<p>\u0130stanbul Ticaret \u00dcniversitesi Sa\u011fl\u0131k K\u00fclt\u00fcr ve Spor Daire Ba\u015fkanl\u0131\u011f\u0131 taraf\u0131ndan d\u00fczenlenen 2025\u20132026 G\u00fcz D\u00f6nemi Spor Turnuvas\u0131, farkl\u0131 bran\u015flarda ger\u00e7ekle\u015ftirilen m\u00fcsabakalar\u0131n ard\u0131ndan \u00f6d\u00fcl t\u00f6reniyle sona erdi. 360 \u00f6\u011frencinin kat\u0131l\u0131m\u0131yla ger\u00e7ekle\u015fen organizasyon, sporun birle\u015ftirici g\u00fcc\u00fcn\u00fc ve fair-play anlay\u0131\u015f\u0131n\u0131 \u00f6n plana \u00e7\u0131kard\u0131.<\/p>\n<p>\u0130stanbul Ticaret \u00dcniversitesi Sa\u011fl\u0131k K\u00fclt\u00fcr ve Spor Daire Ba\u015fkanl\u0131\u011f\u0131 taraf\u0131ndan geleneksel hale getirilen 2025\u20132026 G\u00fcz D\u00f6nemi Spor Turnuvas\u0131, d\u00fczenlenen \u00f6d\u00fcl t\u00f6reniyle sona erdi. S\u00e2d\u00e2b\u00e2t Kamp\u00fcs\u00fc S\u00fctl\u00fcce S\u00e2d\u00e2b\u00e2t Toplant\u0131 salonunda d\u00fczenlenen t\u00f6rene Rekt\u00f6r\u00fcm\u00fcz Prof. Dr. Necip \u015eim\u015fek, Rekt\u00f6r Yard\u0131mc\u0131m\u0131z Prof. Dr. Hanifi Parlar, Sa\u011fl\u0131k K\u00fclt\u00fcr ve Spor Daire Ba\u015fkan\u0131 Kaan Fidan ile \u00e7ok say\u0131da \u00f6\u011frenci kat\u0131ld\u0131.<\/p>\n<p><img loading=\"lazy\" decoding=\"async\" class=\"alignnone size-full wp-image-1245\" src=\"http:\/\/ticaret.edu.tr\/saglik-kultur-ve-spor-daire-baskanligi\/wp-content\/uploads\/sites\/32\/2026\/01\/DSCF6035-1-1-scaled.jpg\" alt=\"\" width=\"2560\" height=\"1707\" srcset=\"http:\/\/ticaret.edu.tr\/saglik-kultur-ve-spor-daire-baskanligi\/wp-content\/uploads\/sites\/32\/2026\/01\/DSCF6035-1-1-scaled.jpg 2560w, http:\/\/ticaret.edu.tr\/saglik-kultur-ve-spor-daire-baskanligi\/wp-content\/uploads\/sites\/32\/2026\/01\/DSCF6035-1-1-300x200.jpg 300w, http:\/\/ticaret.edu.tr\/saglik-kultur-ve-spor-daire-baskanligi\/wp-content\/uploads\/sites\/32\/2026\/01\/DSCF6035-1-1-1024x683.jpg 1024w, http:\/\/ticaret.edu.tr\/saglik-kultur-ve-spor-daire-baskanligi\/wp-content\/uploads\/sites\/32\/2026\/01\/DSCF6035-1-1-768x512.jpg 768w, http:\/\/ticaret.edu.tr\/saglik-kultur-ve-spor-daire-baskanligi\/wp-content\/uploads\/sites\/32\/2026\/01\/DSCF6035-1-1-1536x1024.jpg 1536w, http:\/\/ticaret.edu.tr\/saglik-kultur-ve-spor-daire-baskanligi\/wp-content\/uploads\/sites\/32\/2026\/01\/DSCF6035-1-1-2048x1365.jpg 2048w\" sizes=\"(max-width: 2560px) 100vw, 2560px\" \/><img loading=\"lazy\" decoding=\"async\" class=\"alignnone size-full wp-image-1244\" src=\"http:\/\/ticaret.edu.tr\/saglik-kultur-ve-spor-daire-baskanligi\/wp-content\/uploads\/sites\/32\/2026\/01\/resim-1-1.jpeg\" alt=\"\" width=\"1600\" height=\"1200\" srcset=\"http:\/\/ticaret.edu.tr\/saglik-kultur-ve-spor-daire-baskanligi\/wp-content\/uploads\/sites\/32\/2026\/01\/resim-1-1.jpeg 1600w, http:\/\/ticaret.edu.tr\/saglik-kultur-ve-spor-daire-baskanligi\/wp-content\/uploads\/sites\/32\/2026\/01\/resim-1-1-300x225.jpeg 300w, http:\/\/ticaret.edu.tr\/saglik-kultur-ve-spor-daire-baskanligi\/wp-content\/uploads\/sites\/32\/2026\/01\/resim-1-1-1024x768.jpeg 1024w, http:\/\/ticaret.edu.tr\/saglik-kultur-ve-spor-daire-baskanligi\/wp-content\/uploads\/sites\/32\/2026\/01\/resim-1-1-768x576.jpeg 768w, http:\/\/ticaret.edu.tr\/saglik-kultur-ve-spor-daire-baskanligi\/wp-content\/uploads\/sites\/32\/2026\/01\/resim-1-1-1536x1152.jpeg 1536w\" sizes=\"(max-width: 1600px) 100vw, 1600px\" \/><\/p>\n<p><strong>SporFest2024<\/strong><\/p>\n<p>\u0130stanbul Ticaret \u00dcniversitesi\u2019nde bu y\u0131l 603 sporcunun ter d\u00f6kt\u00fc\u011f\u00fc Bahar D\u00f6nemi Spor Turnuvas\u0131 sona erdi. Hem \u00f6\u011frenci hem de personel kategorisinde d\u00fczenlenen m\u00fcsabakalar, \u00f6d\u00fcl t\u00f6reniyle ta\u00e7land\u0131.<\/p>\n<p>&nbsp;<\/p>\n<p>\u0130stanbul Ticaret \u00dcniversitesi Sa\u011fl\u0131k, K\u00fclt\u00fcr ve Spor Daire Ba\u015fkanl\u0131\u011f\u0131 taraf\u0131ndan d\u00fczenlenen Bahar D\u00f6nemi Spor Turnuvas\u0131, bu y\u0131l rekor kat\u0131l\u0131mla ger\u00e7ekle\u015fti. 603 sporcunun kat\u0131l\u0131m\u0131yla ba\u015flayan m\u00fcsabakalar\u0131n ard\u0131ndan, \u00f6d\u00fcl t\u00f6reni S\u00fctl\u00fcce Yerle\u015fkesi Konferans Salonu\u2019nda yap\u0131ld\u0131. T\u00f6rene Rekt\u00f6r Prof. Dr. Necip \u015eim\u015fek, Genel Sekreter Erdal Cesar, Meslek Y\u00fcksekokulu M\u00fcd\u00fcr\u00fc Do\u00e7. Dr. Muhammet Ceylan ve SKS Daire Ba\u015fkan\u0131 Kaan Fidan kat\u0131ld\u0131. Dereceye giren \u00f6\u011frenci ve personellere \u00f6d\u00fclleri takdim edildi.<\/p>\n<p><img loading=\"lazy\" decoding=\"async\" class=\"alignnone wp-image-49273 size-large\" src=\"https:\/\/ticaret.edu.tr\/wp-content\/uploads\/2025\/05\/WhatsApp-Image-2025-05-30-at-16.48.48-1024x683.jpeg\" alt=\"\" width=\"1024\" height=\"683\" \/><img loading=\"lazy\" decoding=\"async\" class=\"alignnone size-full wp-image-1223\" src=\"http:\/\/ticaret.edu.tr\/saglik-kultur-ve-spor-daire-baskanligi\/wp-content\/uploads\/sites\/32\/2026\/01\/WhatsApp-Image-2025-05-30-at-16.48.45-donusturuldugu-kaynak-webp.jpeg\" alt=\"\" width=\"2048\" height=\"1365\" srcset=\"http:\/\/ticaret.edu.tr\/saglik-kultur-ve-spor-daire-baskanligi\/wp-content\/uploads\/sites\/32\/2026\/01\/WhatsApp-Image-2025-05-30-at-16.48.45-donusturuldugu-kaynak-webp.jpeg 2048w, http:\/\/ticaret.edu.tr\/saglik-kultur-ve-spor-daire-baskanligi\/wp-content\/uploads\/sites\/32\/2026\/01\/WhatsApp-Image-2025-05-30-at-16.48.45-donusturuldugu-kaynak-webp-300x200.jpeg 300w, http:\/\/ticaret.edu.tr\/saglik-kultur-ve-spor-daire-baskanligi\/wp-content\/uploads\/sites\/32\/2026\/01\/WhatsApp-Image-2025-05-30-at-16.48.45-donusturuldugu-kaynak-webp-1024x683.jpeg 1024w, http:\/\/ticaret.edu.tr\/saglik-kultur-ve-spor-daire-baskanligi\/wp-content\/uploads\/sites\/32\/2026\/01\/WhatsApp-Image-2025-05-30-at-16.48.45-donusturuldugu-kaynak-webp-768x512.jpeg 768w, http:\/\/ticaret.edu.tr\/saglik-kultur-ve-spor-daire-baskanligi\/wp-content\/uploads\/sites\/32\/2026\/01\/WhatsApp-Image-2025-05-30-at-16.48.45-donusturuldugu-kaynak-webp-1536x1024.jpeg 1536w\" sizes=\"(max-width: 2048px) 100vw, 2048px\" \/><\/p>\n<p><strong>Cumhuriyetimizin 100. Y\u0131l\u0131 Etkinlikleri<\/strong><\/p>\n<p>\u0130stanbul Ticaret \u00dcniversitesi Spor K\u00fclt\u00fcr ve Sa\u011fl\u0131k (SKS) Daire Ba\u015fkanl\u0131\u011f\u0131 taraf\u0131ndan Cumhuriyet\u2019in 100\u2019\u00fcnc\u00fc y\u0131l\u0131 kutlamalar\u0131 \u00e7er\u00e7evesinde d\u00fczenlenen masa tenisi, satran\u00e7, basketbol ve futbol turnuvalar\u0131nda dereceye girenlere \u00f6d\u00fclleri d\u00fczenlenen t\u00f6renle verildi. T\u00f6rene Rekt\u00f6r Prof. Dr. Abdulhamit Av\u015far, Genel Sekreter Dr. O\u011fuz \u00d6zcan, akademik ve idari personel ile \u00f6\u011frenciler kat\u0131ld\u0131.<\/p>\n<p>&nbsp;<\/p>\n<p>T\u00f6rende k\u0131sa bir a\u00e7\u0131\u015f konu\u015fmas\u0131 yapan Rekt\u00f6r Prof. Dr. Av\u015far, sporun sadece fiziksel sa\u011fl\u0131\u011f\u0131 desteklemenin \u00f6tesinde, ayn\u0131 zamanda zihinsel ve duygusal sa\u011fl\u0131\u011f\u0131 da g\u00fc\u00e7lendiren bir ara\u00e7 oldu\u011funu belirterek \u00f6\u011frencilere spora devam etmelerini tavsiye etti.<\/p>\n<p>&nbsp;<\/p>\n<p>Prof. Dr. Av\u015far, yeni d\u00f6nemde spora daha \u00e7ok \u00f6nem vereceklerinin alt\u0131n\u0131 \u00e7izerek s\u00f6zlerini \u015f\u00f6yle s\u00fcrd\u00fcrd\u00fc:<\/p>\n<p>&nbsp;<\/p>\n<p>\u201c\u00dcniversiteler, \u00f6\u011frencilerin sadece ders \u00e7al\u0131\u015fmakla de\u011fil, ayn\u0131 zamanda bedensel aktivitelerle de me\u015fgul olmalar\u0131n\u0131 te\u015fvik etmeli ve desteklemelidir. Buradan hareketle bizler de \u0130stanbul Ticaret \u00dcniversitesi olarak kendimize \u00f6dev \u00e7\u0131kar\u0131yor ve \u00f6\u011frencilerimiz aras\u0131nda sportif faaliyetleri te\u015fvik ediyoruz. Biliyoruz ki spor, \u00f6\u011frenciler aras\u0131nda s\u0131k\u0131 ba\u011flar olu\u015fturur, arkada\u015fl\u0131k ve dayan\u0131\u015fmay\u0131 g\u00fc\u00e7lendirir, bu da \u00f6\u011frencilerin sosyal becerilerini geli\u015ftirmelerine yard\u0131mc\u0131 olur.\u201d<\/p>\n<p>&nbsp;<\/p>\n<p>Rekt\u00f6r Prof. Dr. Av\u015far daha sonra masa tenisi, satran\u00e7, basketbol ve futbol turnuvalar\u0131nda dereceye girenlere \u00f6d\u00fcllerini takdim etti. Turnuvalar kadar co\u015fkulu ge\u00e7en \u00f6d\u00fcl t\u00f6reni toplu foto\u011fraf \u00e7ekimiyle sona erdi.<\/p>\n<p><img loading=\"lazy\" decoding=\"async\" class=\"alignnone size-full wp-image-1220\" src=\"http:\/\/ticaret.edu.tr\/saglik-kultur-ve-spor-daire-baskanligi\/wp-content\/uploads\/sites\/32\/2026\/01\/spor-odulleri-8-1-scaled-donusturuldugu-kaynak-webp.jpeg\" alt=\"\" width=\"2560\" height=\"1709\" srcset=\"http:\/\/ticaret.edu.tr\/saglik-kultur-ve-spor-daire-baskanligi\/wp-content\/uploads\/sites\/32\/2026\/01\/spor-odulleri-8-1-scaled-donusturuldugu-kaynak-webp.jpeg 2560w, http:\/\/ticaret.edu.tr\/saglik-kultur-ve-spor-daire-baskanligi\/wp-content\/uploads\/sites\/32\/2026\/01\/spor-odulleri-8-1-scaled-donusturuldugu-kaynak-webp-300x200.jpeg 300w, http:\/\/ticaret.edu.tr\/saglik-kultur-ve-spor-daire-baskanligi\/wp-content\/uploads\/sites\/32\/2026\/01\/spor-odulleri-8-1-scaled-donusturuldugu-kaynak-webp-1024x684.jpeg 1024w, http:\/\/ticaret.edu.tr\/saglik-kultur-ve-spor-daire-baskanligi\/wp-content\/uploads\/sites\/32\/2026\/01\/spor-odulleri-8-1-scaled-donusturuldugu-kaynak-webp-768x513.jpeg 768w, http:\/\/ticaret.edu.tr\/saglik-kultur-ve-spor-daire-baskanligi\/wp-content\/uploads\/sites\/32\/2026\/01\/spor-odulleri-8-1-scaled-donusturuldugu-kaynak-webp-1536x1025.jpeg 1536w, http:\/\/ticaret.edu.tr\/saglik-kultur-ve-spor-daire-baskanligi\/wp-content\/uploads\/sites\/32\/2026\/01\/spor-odulleri-8-1-scaled-donusturuldugu-kaynak-webp-2048x1367.jpeg 2048w\" sizes=\"(max-width: 2560px) 100vw, 2560px\" \/><img loading=\"lazy\" decoding=\"async\" class=\"alignnone size-full wp-image-1247\" src=\"http:\/\/ticaret.edu.tr\/saglik-kultur-ve-spor-daire-baskanligi\/wp-content\/uploads\/sites\/32\/2026\/01\/2.10.2023-Cumhuriyetimizin-100.-Yili-EtkinliklerFutbol-Turnuvasii.jpg\" alt=\"\" width=\"722\" height=\"481\" srcset=\"http:\/\/ticaret.edu.tr\/saglik-kultur-ve-spor-daire-baskanligi\/wp-content\/uploads\/sites\/32\/2026\/01\/2.10.2023-Cumhuriyetimizin-100.-Yili-EtkinliklerFutbol-Turnuvasii.jpg 722w, http:\/\/ticaret.edu.tr\/saglik-kultur-ve-spor-daire-baskanligi\/wp-content\/uploads\/sites\/32\/2026\/01\/2.10.2023-Cumhuriyetimizin-100.-Yili-EtkinliklerFutbol-Turnuvasii-300x200.jpg 300w\" sizes=\"(max-width: 722px) 100vw, 722px\" \/> <img loading=\"lazy\" decoding=\"async\" class=\"alignnone size-full wp-image-1248\" src=\"http:\/\/ticaret.edu.tr\/saglik-kultur-ve-spor-daire-baskanligi\/wp-content\/uploads\/sites\/32\/2026\/01\/2.10.2023-Cumhuriyetimizin-100.-Yili-Etkinlikler-Satranc-Turnuvasi.jpg\" alt=\"\" width=\"717\" height=\"543\" srcset=\"http:\/\/ticaret.edu.tr\/saglik-kultur-ve-spor-daire-baskanligi\/wp-content\/uploads\/sites\/32\/2026\/01\/2.10.2023-Cumhuriyetimizin-100.-Yili-Etkinlikler-Satranc-Turnuvasi.jpg 717w, http:\/\/ticaret.edu.tr\/saglik-kultur-ve-spor-daire-baskanligi\/wp-content\/uploads\/sites\/32\/2026\/01\/2.10.2023-Cumhuriyetimizin-100.-Yili-Etkinlikler-Satranc-Turnuvasi-300x227.jpg 300w\" sizes=\"(max-width: 717px) 100vw, 717px\" \/> <img loading=\"lazy\" decoding=\"async\" class=\"alignnone size-full wp-image-1249\" src=\"http:\/\/ticaret.edu.tr\/saglik-kultur-ve-spor-daire-baskanligi\/wp-content\/uploads\/sites\/32\/2026\/01\/2.10.2023-Cumhuriyetimizin-100.-Yili-Etkinlikler-Masa-Tenisi-Turnuvasi.jpg\" alt=\"\" width=\"726\" height=\"483\" srcset=\"http:\/\/ticaret.edu.tr\/saglik-kultur-ve-spor-daire-baskanligi\/wp-content\/uploads\/sites\/32\/2026\/01\/2.10.2023-Cumhuriyetimizin-100.-Yili-Etkinlikler-Masa-Tenisi-Turnuvasi.jpg 726w, http:\/\/ticaret.edu.tr\/saglik-kultur-ve-spor-daire-baskanligi\/wp-content\/uploads\/sites\/32\/2026\/01\/2.10.2023-Cumhuriyetimizin-100.-Yili-Etkinlikler-Masa-Tenisi-Turnuvasi-300x200.jpg 300w\" sizes=\"(max-width: 726px) 100vw, 726px\" \/> <img loading=\"lazy\" decoding=\"async\" class=\"alignnone size-full wp-image-1250\" src=\"http:\/\/ticaret.edu.tr\/saglik-kultur-ve-spor-daire-baskanligi\/wp-content\/uploads\/sites\/32\/2026\/01\/2.10.2023-Cumhuriyetimizin-100.-Yili-Etkinlikler-Basketbol-Turnuvasi.jpg\" alt=\"\" width=\"765\" height=\"510\" srcset=\"http:\/\/ticaret.edu.tr\/saglik-kultur-ve-spor-daire-baskanligi\/wp-content\/uploads\/sites\/32\/2026\/01\/2.10.2023-Cumhuriyetimizin-100.-Yili-Etkinlikler-Basketbol-Turnuvasi.jpg 765w, http:\/\/ticaret.edu.tr\/saglik-kultur-ve-spor-daire-baskanligi\/wp-content\/uploads\/sites\/32\/2026\/01\/2.10.2023-Cumhuriyetimizin-100.-Yili-Etkinlikler-Basketbol-Turnuvasi-300x200.jpg 300w\" sizes=\"(max-width: 765px) 100vw, 765px\" \/><\/p>\n<p><strong>Spor Festivali<\/strong><\/p>\n<p>\u00dcniversitemiz, Beyo\u011flu Gen\u00e7lik ve Spor \u0130l\u00e7e M\u00fcd\u00fcrl\u00fc\u011f\u00fc ve Beyo\u011flu Belediyesi i\u015fbirli\u011fi ile \u00fcniversitemizin \u00f6\u011frencilerinin kat\u0131l\u0131m\u0131na \u00f6zel Hal\u0131 Saha Futbol, 3&#215;3 Basketbol, Satran\u00e7 ve Masa Tenisi Turnuvalar\u0131n\u0131 kapsayan \u00f6d\u00fcll\u00fc spor festivali 10 \u2013 20 May\u0131s 2022 tarihleri aras\u0131nda yap\u0131lm\u0131\u015ft\u0131r.<\/p>\n<p>M\u00fcsabakay\u0131 ilgili federasyonlar\u0131n hakemleri y\u00f6neterek, 4 ayr\u0131 spor bran\u015f\u0131ndaki festivale yakla\u015f\u0131k 350 \u00f6\u011frenci kat\u0131l\u0131m sa\u011flam\u0131\u015ft\u0131r.<\/p>\n<p>Festival 20 May\u0131s g\u00fcn\u00fc S\u00e2d\u00e2b\u00e2d Kamp\u00fcs\u00fc S\u00fctl\u00fcce Konferans Salonunda yap\u0131lacak olan \u00f6d\u00fcl t\u00f6reni ile sona ermi\u015ftir.<\/p>\n<p>\u00d6d\u00fcl T\u00f6reninde 4 ayr\u0131 dalda ilk \u00fc\u00e7 dereceye giren tak\u0131m ve bireysel sporcular\u0131m\u0131za kupa ve madalyalar\u0131 \u00dcniversitemiz Rekt\u00f6r\u00fc, Beyo\u011flu Belediyesi Ba\u015fkan Yard\u0131mc\u0131s\u0131 ve Beyo\u011flu Belediyesi Gen\u00e7lik ve Spor \u0130l\u00e7e M\u00fcd\u00fcr\u00fc taraf\u0131ndan takdim edilmi\u015ftir. Dereceye giren sporculara Beyo\u011flu Belediyesi taraf\u0131ndan hediye \u00e7ekiverilerek, \u00dcniversitemiz de turnuvaya kat\u0131l\u0131m sa\u011flayan t\u00fcm \u00f6\u011frencileri ad\u0131na Orman B\u00f6lge M\u00fcd\u00fcrl\u00fc\u011f\u00fc arac\u0131l\u0131\u011f\u0131 ile fidan ekilecektir.<\/p>\n<p>&nbsp;<\/p>\n<p><img loading=\"lazy\" decoding=\"async\" class=\"alignnone size-full wp-image-697\" src=\"http:\/\/ticaret.edu.tr\/saglik-kultur-ve-spor-daire-baskanligi\/wp-content\/uploads\/sites\/32\/2022\/07\/0J1A0877-scaled.jpg\" alt=\"\" width=\"2560\" height=\"1707\" srcset=\"http:\/\/ticaret.edu.tr\/saglik-kultur-ve-spor-daire-baskanligi\/wp-content\/uploads\/sites\/32\/2022\/07\/0J1A0877-scaled.jpg 2560w, http:\/\/ticaret.edu.tr\/saglik-kultur-ve-spor-daire-baskanligi\/wp-content\/uploads\/sites\/32\/2022\/07\/0J1A0877-300x200.jpg 300w, http:\/\/ticaret.edu.tr\/saglik-kultur-ve-spor-daire-baskanligi\/wp-content\/uploads\/sites\/32\/2022\/07\/0J1A0877-1024x683.jpg 1024w, http:\/\/ticaret.edu.tr\/saglik-kultur-ve-spor-daire-baskanligi\/wp-content\/uploads\/sites\/32\/2022\/07\/0J1A0877-768x512.jpg 768w, http:\/\/ticaret.edu.tr\/saglik-kultur-ve-spor-daire-baskanligi\/wp-content\/uploads\/sites\/32\/2022\/07\/0J1A0877-1536x1024.jpg 1536w, http:\/\/ticaret.edu.tr\/saglik-kultur-ve-spor-daire-baskanligi\/wp-content\/uploads\/sites\/32\/2022\/07\/0J1A0877-2048x1365.jpg 2048w\" sizes=\"(max-width: 2560px) 100vw, 2560px\" \/> <img loading=\"lazy\" decoding=\"async\" class=\"alignnone size-full wp-image-698\" src=\"http:\/\/ticaret.edu.tr\/saglik-kultur-ve-spor-daire-baskanligi\/wp-content\/uploads\/sites\/32\/2022\/07\/WhatsApp-Image-2022-05-17-at-11.30.44.jpeg\" alt=\"\" width=\"2048\" height=\"983\" srcset=\"http:\/\/ticaret.edu.tr\/saglik-kultur-ve-spor-daire-baskanligi\/wp-content\/uploads\/sites\/32\/2022\/07\/WhatsApp-Image-2022-05-17-at-11.30.44.jpeg 2048w, http:\/\/ticaret.edu.tr\/saglik-kultur-ve-spor-daire-baskanligi\/wp-content\/uploads\/sites\/32\/2022\/07\/WhatsApp-Image-2022-05-17-at-11.30.44-300x144.jpeg 300w, http:\/\/ticaret.edu.tr\/saglik-kultur-ve-spor-daire-baskanligi\/wp-content\/uploads\/sites\/32\/2022\/07\/WhatsApp-Image-2022-05-17-at-11.30.44-1024x492.jpeg 1024w, http:\/\/ticaret.edu.tr\/saglik-kultur-ve-spor-daire-baskanligi\/wp-content\/uploads\/sites\/32\/2022\/07\/WhatsApp-Image-2022-05-17-at-11.30.44-768x369.jpeg 768w, http:\/\/ticaret.edu.tr\/saglik-kultur-ve-spor-daire-baskanligi\/wp-content\/uploads\/sites\/32\/2022\/07\/WhatsApp-Image-2022-05-17-at-11.30.44-1536x737.jpeg 1536w\" sizes=\"(max-width: 2048px) 100vw, 2048px\" \/><\/p>\n<p>&nbsp;<\/p>\n<p>&nbsp;<\/p>\n<p><strong>Hal\u0131 Saha Turnuvas\u0131 Sona Erdi<\/strong><\/p>\n<p>\u00dcniversitemiz Spor M\u00fcd\u00fcrl\u00fc\u011f\u00fc taraf\u0131ndan 13 Ocak &#8211; 24 Ocak tarihleri aras\u0131nda akademik ve idari personelimize y\u00f6nelik Hal\u0131 Saha Futbol Turnuvas\u0131 yap\u0131ld\u0131. Turnuvada yakla\u015f\u0131k 10&#8217;ar ki\u015fiden olu\u015fan alt\u0131 tak\u0131m ba\u015fvurdu.<\/p>\n<p>24 Ocak Cuma g\u00fcn\u00fc yap\u0131lan final ma\u00e7\u0131 sonras\u0131 \u00f6d\u00fcl t\u00f6reni d\u00fczenlendi. Dereceye giren tak\u0131mlar\u0131m\u0131za, kupa, madalya ve Commercium Ma\u011fazas\u0131ndan se\u00e7ilen \u00e7e\u015fitli hediyeler \u00dcniversitemiz Rekt\u00f6r Yard\u0131mc\u0131s\u0131 Prof. Dr. Necip \u015eim\u015fek ve Genel Sekreterimiz O\u011fuz \u00d6zcan taraf\u0131ndan takdim edildi.<\/p>\n<p><strong><img loading=\"lazy\" decoding=\"async\" class=\"alignnone size-full wp-image-232\" src=\"http:\/\/ticaret.edu.tr\/sks\/wp-content\/uploads\/sites\/32\/2020\/05\/futbol1.jpg\" alt=\"\" width=\"700\" height=\"466\" srcset=\"http:\/\/ticaret.edu.tr\/saglik-kultur-ve-spor-daire-baskanligi\/wp-content\/uploads\/sites\/32\/2020\/05\/futbol1.jpg 700w, http:\/\/ticaret.edu.tr\/saglik-kultur-ve-spor-daire-baskanligi\/wp-content\/uploads\/sites\/32\/2020\/05\/futbol1-300x200.jpg 300w\" sizes=\"(max-width: 700px) 100vw, 700px\" \/><\/strong><\/p>\n<p><strong><img loading=\"lazy\" decoding=\"async\" class=\"alignnone size-full wp-image-233\" src=\"http:\/\/ticaret.edu.tr\/sks\/wp-content\/uploads\/sites\/32\/2020\/05\/futbol2.jpg\" alt=\"\" width=\"700\" height=\"466\" srcset=\"http:\/\/ticaret.edu.tr\/saglik-kultur-ve-spor-daire-baskanligi\/wp-content\/uploads\/sites\/32\/2020\/05\/futbol2.jpg 700w, http:\/\/ticaret.edu.tr\/saglik-kultur-ve-spor-daire-baskanligi\/wp-content\/uploads\/sites\/32\/2020\/05\/futbol2-300x200.jpg 300w\" sizes=\"(max-width: 700px) 100vw, 700px\" \/><\/strong><\/p>\n<p><strong><img loading=\"lazy\" decoding=\"async\" class=\"alignnone size-full wp-image-234\" src=\"http:\/\/ticaret.edu.tr\/sks\/wp-content\/uploads\/sites\/32\/2020\/05\/futbol3.jpg\" alt=\"\" width=\"700\" height=\"466\" srcset=\"http:\/\/ticaret.edu.tr\/saglik-kultur-ve-spor-daire-baskanligi\/wp-content\/uploads\/sites\/32\/2020\/05\/futbol3.jpg 700w, http:\/\/ticaret.edu.tr\/saglik-kultur-ve-spor-daire-baskanligi\/wp-content\/uploads\/sites\/32\/2020\/05\/futbol3-300x200.jpg 300w\" sizes=\"(max-width: 700px) 100vw, 700px\" \/><\/strong><\/p>\n<p><strong><img loading=\"lazy\" decoding=\"async\" class=\"alignnone size-full wp-image-235\" src=\"http:\/\/ticaret.edu.tr\/sks\/wp-content\/uploads\/sites\/32\/2020\/05\/futbol4.jpg\" alt=\"\" width=\"700\" height=\"466\" srcset=\"http:\/\/ticaret.edu.tr\/saglik-kultur-ve-spor-daire-baskanligi\/wp-content\/uploads\/sites\/32\/2020\/05\/futbol4.jpg 700w, http:\/\/ticaret.edu.tr\/saglik-kultur-ve-spor-daire-baskanligi\/wp-content\/uploads\/sites\/32\/2020\/05\/futbol4-300x200.jpg 300w\" sizes=\"(max-width: 700px) 100vw, 700px\" \/><\/strong><\/p>\n<hr \/>\n<p><strong>Do\u011fa Y\u00fcr\u00fcy\u00fc\u015fleri Devam Ediyor<\/strong><\/p>\n<p>\u0130stanbul Ticaret \u00dcniversitesi akademik ve idari kadrosunun kat\u0131l\u0131m\u0131yla ger\u00e7ekle\u015ftirilen do\u011fa y\u00fcr\u00fcy\u00fc\u015flerinin \u00fc\u00e7\u00fcnc\u00fcs\u00fc Kartepe Kuzu Yaylas\u0131&#8217;nda yap\u0131ld\u0131.<\/p>\n<p>Yo\u011fun ilginin oldu\u011fu y\u00fcr\u00fcy\u00fc\u015fte \u00fcniversite personelimiz 10 kilometre y\u00fcr\u00fcd\u00fc. B\u00f6ylece sene sonuna kadar yap\u0131lacak etkinliklerde planlanan 100 kilometrelik y\u00fcr\u00fcy\u00fc\u015f\u00fcn 30 kilometresi tamamlanm\u0131\u015f oldu.<\/p>\n<p>Personelin kayna\u015fmas\u0131na vesile olan y\u00fcr\u00fcy\u00fc\u015f s\u0131ras\u0131nda verilen molada \u00e7ay ve sucuk ekmek ikram edildi.<\/p>\n<p><img loading=\"lazy\" decoding=\"async\" class=\"alignnone wp-image-236\" src=\"http:\/\/ticaret.edu.tr\/sks\/wp-content\/uploads\/sites\/32\/2020\/05\/kar1.jpeg\" alt=\"\" width=\"700\" height=\"466\" srcset=\"http:\/\/ticaret.edu.tr\/saglik-kultur-ve-spor-daire-baskanligi\/wp-content\/uploads\/sites\/32\/2020\/05\/kar1.jpeg 1600w, http:\/\/ticaret.edu.tr\/saglik-kultur-ve-spor-daire-baskanligi\/wp-content\/uploads\/sites\/32\/2020\/05\/kar1-300x200.jpeg 300w, http:\/\/ticaret.edu.tr\/saglik-kultur-ve-spor-daire-baskanligi\/wp-content\/uploads\/sites\/32\/2020\/05\/kar1-1024x682.jpeg 1024w, http:\/\/ticaret.edu.tr\/saglik-kultur-ve-spor-daire-baskanligi\/wp-content\/uploads\/sites\/32\/2020\/05\/kar1-768x512.jpeg 768w, http:\/\/ticaret.edu.tr\/saglik-kultur-ve-spor-daire-baskanligi\/wp-content\/uploads\/sites\/32\/2020\/05\/kar1-1536x1023.jpeg 1536w\" sizes=\"(max-width: 700px) 100vw, 700px\" \/><\/p>\n<p><img loading=\"lazy\" decoding=\"async\" class=\"alignnone wp-image-237\" src=\"http:\/\/ticaret.edu.tr\/sks\/wp-content\/uploads\/sites\/32\/2020\/05\/kar2.jpeg\" alt=\"\" width=\"700\" height=\"467\" srcset=\"http:\/\/ticaret.edu.tr\/saglik-kultur-ve-spor-daire-baskanligi\/wp-content\/uploads\/sites\/32\/2020\/05\/kar2.jpeg 1600w, http:\/\/ticaret.edu.tr\/saglik-kultur-ve-spor-daire-baskanligi\/wp-content\/uploads\/sites\/32\/2020\/05\/kar2-300x200.jpeg 300w, http:\/\/ticaret.edu.tr\/saglik-kultur-ve-spor-daire-baskanligi\/wp-content\/uploads\/sites\/32\/2020\/05\/kar2-1024x683.jpeg 1024w, http:\/\/ticaret.edu.tr\/saglik-kultur-ve-spor-daire-baskanligi\/wp-content\/uploads\/sites\/32\/2020\/05\/kar2-768x512.jpeg 768w, http:\/\/ticaret.edu.tr\/saglik-kultur-ve-spor-daire-baskanligi\/wp-content\/uploads\/sites\/32\/2020\/05\/kar2-1536x1024.jpeg 1536w\" sizes=\"(max-width: 700px) 100vw, 700px\" \/><\/p>\n<p><img loading=\"lazy\" decoding=\"async\" class=\"alignnone wp-image-238\" src=\"http:\/\/ticaret.edu.tr\/sks\/wp-content\/uploads\/sites\/32\/2020\/05\/kar3.jpeg\" alt=\"\" width=\"700\" height=\"467\" srcset=\"http:\/\/ticaret.edu.tr\/saglik-kultur-ve-spor-daire-baskanligi\/wp-content\/uploads\/sites\/32\/2020\/05\/kar3.jpeg 1600w, http:\/\/ticaret.edu.tr\/saglik-kultur-ve-spor-daire-baskanligi\/wp-content\/uploads\/sites\/32\/2020\/05\/kar3-300x200.jpeg 300w, http:\/\/ticaret.edu.tr\/saglik-kultur-ve-spor-daire-baskanligi\/wp-content\/uploads\/sites\/32\/2020\/05\/kar3-1024x683.jpeg 1024w, http:\/\/ticaret.edu.tr\/saglik-kultur-ve-spor-daire-baskanligi\/wp-content\/uploads\/sites\/32\/2020\/05\/kar3-768x512.jpeg 768w, http:\/\/ticaret.edu.tr\/saglik-kultur-ve-spor-daire-baskanligi\/wp-content\/uploads\/sites\/32\/2020\/05\/kar3-1536x1024.jpeg 1536w\" sizes=\"(max-width: 700px) 100vw, 700px\" \/><\/p>\n<p><img loading=\"lazy\" decoding=\"async\" class=\"alignnone wp-image-239\" src=\"http:\/\/ticaret.edu.tr\/sks\/wp-content\/uploads\/sites\/32\/2020\/05\/kar4.jpeg\" alt=\"\" width=\"700\" height=\"933\" srcset=\"http:\/\/ticaret.edu.tr\/saglik-kultur-ve-spor-daire-baskanligi\/wp-content\/uploads\/sites\/32\/2020\/05\/kar4.jpeg 768w, http:\/\/ticaret.edu.tr\/saglik-kultur-ve-spor-daire-baskanligi\/wp-content\/uploads\/sites\/32\/2020\/05\/kar4-225x300.jpeg 225w\" sizes=\"(max-width: 700px) 100vw, 700px\" \/><\/p>\n<p><img loading=\"lazy\" decoding=\"async\" class=\"alignnone wp-image-240\" src=\"http:\/\/ticaret.edu.tr\/sks\/wp-content\/uploads\/sites\/32\/2020\/05\/kar5.jpeg\" alt=\"\" width=\"700\" height=\"933\" srcset=\"http:\/\/ticaret.edu.tr\/saglik-kultur-ve-spor-daire-baskanligi\/wp-content\/uploads\/sites\/32\/2020\/05\/kar5.jpeg 768w, http:\/\/ticaret.edu.tr\/saglik-kultur-ve-spor-daire-baskanligi\/wp-content\/uploads\/sites\/32\/2020\/05\/kar5-225x300.jpeg 225w\" sizes=\"(max-width: 700px) 100vw, 700px\" \/><\/p>\n<p><img loading=\"lazy\" decoding=\"async\" class=\"alignnone wp-image-241\" src=\"http:\/\/ticaret.edu.tr\/sks\/wp-content\/uploads\/sites\/32\/2020\/05\/kar6.jpeg\" alt=\"\" width=\"700\" height=\"466\" srcset=\"http:\/\/ticaret.edu.tr\/saglik-kultur-ve-spor-daire-baskanligi\/wp-content\/uploads\/sites\/32\/2020\/05\/kar6.jpeg 1600w, http:\/\/ticaret.edu.tr\/saglik-kultur-ve-spor-daire-baskanligi\/wp-content\/uploads\/sites\/32\/2020\/05\/kar6-300x200.jpeg 300w, http:\/\/ticaret.edu.tr\/saglik-kultur-ve-spor-daire-baskanligi\/wp-content\/uploads\/sites\/32\/2020\/05\/kar6-1024x682.jpeg 1024w, http:\/\/ticaret.edu.tr\/saglik-kultur-ve-spor-daire-baskanligi\/wp-content\/uploads\/sites\/32\/2020\/05\/kar6-768x512.jpeg 768w, http:\/\/ticaret.edu.tr\/saglik-kultur-ve-spor-daire-baskanligi\/wp-content\/uploads\/sites\/32\/2020\/05\/kar6-1536x1023.jpeg 1536w\" sizes=\"(max-width: 700px) 100vw, 700px\" \/><\/p>\n<p>&nbsp;<\/p>\n<hr \/>\n<p><strong>\u00dcniversite Sporlar\u0131 G\u00fcn\u00fc\u2019n\u00fc <\/strong><strong>pedal basarak kutlad\u0131lar \u00a0\u00a0<\/strong><\/p>\n<p>\u0130stanbul Ticaret \u00dcniversitesi, Uluslararas\u0131 \u00dcniversite Sporlar\u0131 G\u00fcn\u00fc\u2019n\u00fc Hali\u00e7 k\u0131y\u0131s\u0131nda d\u00fczenlenen etkinlikle, t\u00fcm d\u00fcnyayla ayn\u0131 anda kutlad\u0131. T\u0130CARET\u2019in \u00e7e\u015fitli spor bran\u015flar\u0131nda m\u00fccadele eden lisansl\u0131 sporcular\u0131 ile d\u00fczenli spor yapmayan \u00f6\u011frenciler birlikte Hali\u00e7 k\u0131y\u0131s\u0131ndaki bisiklet parkurunda bisiklet bindiler.<\/p>\n<p><strong>\u00dcN\u0130VERS\u0130TE SPORLARI G\u00dcN\u00dc<\/strong><\/p>\n<p>UNESCO taraf\u0131ndan 03-18 Kas\u0131m 2015 tarihleri aras\u0131nda Paris\u2019te ger\u00e7ekle\u015ftirilen 38. Genel Konferans kapsam\u0131nda yap\u0131lan Sosyal ve Be\u015feri Bilimler Komisyon toplant\u0131lar\u0131 g\u00fcndeminde \u00f6zel g\u00fcn ilanlar\u0131 ad\u0131 alt\u0131nda al\u0131nan kararlar\u0131n Genel Kurulda kabul edilmesiyle; 20 Eyl\u00fcl g\u00fcn\u00fc \u201cUluslararas\u0131 \u00dcniversite Sporlar\u0131 G\u00fcn\u00fc \u201c olarak ilan edildi.<\/p>\n<p>Uluslararas\u0131 \u00dcniversite Sporlar\u0131 Federasyonu (FISU), 20 Eyl\u00fcl 2019 tarihinde d\u00fcnya \u00e7ap\u0131ndaki \u00fcyeleriyle birlikte Uluslararas\u0131 \u00dcniversite Sporlar\u0131 G\u00fcn\u00fc\u2019n\u00fc (IDUS) bu y\u0131l d\u00f6rd\u00fcnc\u00fc kez kutlad\u0131. IDUS bu s\u00fcre\u00e7te, d\u00fcnya \u00e7ap\u0131nda \u00fcniversite spor de\u011ferlerini ve faaliyetlerini tan\u0131tman\u0131n yan\u0131 s\u0131ra, t\u00fcm FISU \u00fcyelerinin ve ortaklar\u0131n\u0131n sporun \u00fcniversitelerde ve \u00f6\u011frencilerin g\u00fcnl\u00fck ya\u015fam\u0131nda yer almas\u0131 ve s\u00fcrd\u00fcr\u00fclmesi gerekti\u011fini vurgulamak i\u00e7in kullan\u0131lan bir platform haline geldi.<\/p>\n<p><img loading=\"lazy\" decoding=\"async\" class=\"alignnone size-full wp-image-242\" src=\"http:\/\/ticaret.edu.tr\/sks\/wp-content\/uploads\/sites\/32\/2020\/05\/bisiklet.jpg\" alt=\"\" width=\"700\" height=\"466\" srcset=\"http:\/\/ticaret.edu.tr\/saglik-kultur-ve-spor-daire-baskanligi\/wp-content\/uploads\/sites\/32\/2020\/05\/bisiklet.jpg 700w, http:\/\/ticaret.edu.tr\/saglik-kultur-ve-spor-daire-baskanligi\/wp-content\/uploads\/sites\/32\/2020\/05\/bisiklet-300x200.jpg 300w\" sizes=\"(max-width: 700px) 100vw, 700px\" \/><\/p>\n","protected":false},"excerpt":{"rendered":"<p>Geleneksel Spor Turnuvalar\u0131 25 \u0130stanbul Ticaret \u00dcniversitesi Sa\u011fl\u0131k K\u00fclt\u00fcr ve Spor Daire Ba\u015fkanl\u0131\u011f\u0131 taraf\u0131ndan d\u00fczenlenen 2025\u20132026 G\u00fcz D\u00f6nemi Spor Turnuvas\u0131, farkl\u0131 bran\u015flarda ger\u00e7ekle\u015ftirilen m\u00fcsabakalar\u0131n ard\u0131ndan \u00f6d\u00fcl t\u00f6reniyle sona erdi. 360 \u00f6\u011frencinin kat\u0131l\u0131m\u0131yla ger\u00e7ekle\u015fen organizasyon, sporun birle\u015ftirici g\u00fcc\u00fcn\u00fc ve fair-play anlay\u0131\u015f\u0131n\u0131 \u00f6n plana \u00e7\u0131kard\u0131. \u0130stanbul Ticaret \u00dcniversitesi Sa\u011fl\u0131k K\u00fclt\u00fcr ve Spor Daire Ba\u015fkanl\u0131\u011f\u0131 taraf\u0131ndan geleneksel hale [&hellip;]<\/p>\n","protected":false},"author":1,"featured_media":0,"parent":0,"menu_order":0,"comment_status":"closed","ping_status":"closed","template":"genel_sayfa.php","meta":{"footnotes":""},"yoast_head":"<!-- This site is optimized with the Yoast SEO Premium plugin v22.1 (Yoast SEO v22.1) - https:\/\/yoast.com\/wordpress\/plugins\/seo\/ -->\n<title>Spor Etkinlikleri - Sa\u011fl\u0131k K\u00fclt\u00fcr ve Spor Daire Ba\u015fkanl\u0131\u011f\u0131<\/title>\n<meta name=\"robots\" content=\"index, follow, max-snippet:-1, max-image-preview:large, max-video-preview:-1\" \/>\n<link rel=\"canonical\" href=\"https:\/\/ticaret.edu.tr\/saglik-kultur-ve-spor-daire-baskanligi\/spor-etkinlikleri\/\" \/>\n<meta property=\"og:locale\" content=\"tr_TR\" \/>\n<meta property=\"og:type\" content=\"article\" \/>\n<meta property=\"og:title\" content=\"Spor Etkinlikleri\" \/>\n<meta property=\"og:description\" content=\"Geleneksel Spor Turnuvalar\u0131 25 \u0130stanbul Ticaret \u00dcniversitesi Sa\u011fl\u0131k K\u00fclt\u00fcr ve Spor Daire Ba\u015fkanl\u0131\u011f\u0131 taraf\u0131ndan d\u00fczenlenen 2025\u20132026 G\u00fcz D\u00f6nemi Spor Turnuvas\u0131, farkl\u0131 bran\u015flarda ger\u00e7ekle\u015ftirilen m\u00fcsabakalar\u0131n ard\u0131ndan \u00f6d\u00fcl t\u00f6reniyle sona erdi. 360 \u00f6\u011frencinin kat\u0131l\u0131m\u0131yla ger\u00e7ekle\u015fen organizasyon, sporun birle\u015ftirici g\u00fcc\u00fcn\u00fc ve fair-play anlay\u0131\u015f\u0131n\u0131 \u00f6n plana \u00e7\u0131kard\u0131. \u0130stanbul Ticaret \u00dcniversitesi Sa\u011fl\u0131k K\u00fclt\u00fcr ve Spor Daire Ba\u015fkanl\u0131\u011f\u0131 taraf\u0131ndan geleneksel hale [&hellip;]\" \/>\n<meta property=\"og:url\" content=\"https:\/\/ticaret.edu.tr\/saglik-kultur-ve-spor-daire-baskanligi\/spor-etkinlikleri\/\" \/>\n<meta property=\"og:site_name\" content=\"Sa\u011fl\u0131k K\u00fclt\u00fcr ve Spor Daire Ba\u015fkanl\u0131\u011f\u0131\" \/>\n<meta property=\"article:publisher\" content=\"https:\/\/www.facebook.com\/ticaretedutr\" \/>\n<meta property=\"article:modified_time\" content=\"2026-01-30T08:38:49+00:00\" \/>\n<meta property=\"og:image\" content=\"http:\/\/ticaret.edu.tr\/saglik-kultur-ve-spor-daire-baskanligi\/wp-content\/uploads\/sites\/32\/2026\/01\/DSCF6035-1-1-scaled.jpg\" \/>\n<meta name=\"twitter:card\" content=\"summary_large_image\" \/>\n<meta name=\"twitter:site\" content=\"@ticaretedutr\" \/>\n<meta name=\"twitter:label1\" content=\"Tahmini okuma s\u00fcresi\" \/>\n\t<meta name=\"twitter:data1\" content=\"10 dakika\" \/>\n<script type=\"application\/ld+json\" class=\"yoast-schema-graph\">{\"@context\":\"https:\/\/schema.org\",\"@graph\":[{\"@type\":\"WebPage\",\"@id\":\"https:\/\/ticaret.edu.tr\/saglik-kultur-ve-spor-daire-baskanligi\/spor-etkinlikleri\/\",\"url\":\"https:\/\/ticaret.edu.tr\/saglik-kultur-ve-spor-daire-baskanligi\/spor-etkinlikleri\/\",\"name\":\"Spor Etkinlikleri - Sa\u011fl\u0131k K\u00fclt\u00fcr ve Spor Daire Ba\u015fkanl\u0131\u011f\u0131\",\"isPartOf\":{\"@id\":\"https:\/\/ticaret.edu.tr\/saglik-kultur-ve-spor-daire-baskanligi\/#website\"},\"datePublished\":\"2020-05-05T10:31:35+00:00\",\"dateModified\":\"2026-01-30T08:38:49+00:00\",\"breadcrumb\":{\"@id\":\"https:\/\/ticaret.edu.tr\/saglik-kultur-ve-spor-daire-baskanligi\/spor-etkinlikleri\/#breadcrumb\"},\"inLanguage\":\"tr\",\"potentialAction\":[{\"@type\":\"ReadAction\",\"target\":[\"https:\/\/ticaret.edu.tr\/saglik-kultur-ve-spor-daire-baskanligi\/spor-etkinlikleri\/\"]}]},{\"@type\":\"BreadcrumbList\",\"@id\":\"https:\/\/ticaret.edu.tr\/saglik-kultur-ve-spor-daire-baskanligi\/spor-etkinlikleri\/#breadcrumb\",\"itemListElement\":[{\"@type\":\"ListItem\",\"position\":1,\"name\":\"Ana sayfa\",\"item\":\"https:\/\/ticaret.edu.tr\/saglik-kultur-ve-spor-daire-baskanligi\/\"},{\"@type\":\"ListItem\",\"position\":2,\"name\":\"Spor Etkinlikleri\"}]},{\"@type\":\"WebSite\",\"@id\":\"https:\/\/ticaret.edu.tr\/saglik-kultur-ve-spor-daire-baskanligi\/#website\",\"url\":\"https:\/\/ticaret.edu.tr\/saglik-kultur-ve-spor-daire-baskanligi\/\",\"name\":\"Sa\u011fl\u0131k K\u00fclt\u00fcr ve Spor Daire Ba\u015fkanl\u0131\u011f\u0131\",\"description\":\"\",\"potentialAction\":[{\"@type\":\"SearchAction\",\"target\":{\"@type\":\"EntryPoint\",\"urlTemplate\":\"https:\/\/ticaret.edu.tr\/saglik-kultur-ve-spor-daire-baskanligi\/?s={search_term_string}\"},\"query-input\":\"required name=search_term_string\"}],\"inLanguage\":\"tr\"}]}<\/script>\n<!-- \/ Yoast SEO Premium plugin. -->","yoast_head_json":{"title":"Spor Etkinlikleri - Sa\u011fl\u0131k K\u00fclt\u00fcr ve Spor Daire Ba\u015fkanl\u0131\u011f\u0131","robots":{"index":"index","follow":"follow","max-snippet":"max-snippet:-1","max-image-preview":"max-image-preview:large","max-video-preview":"max-video-preview:-1"},"canonical":"https:\/\/ticaret.edu.tr\/saglik-kultur-ve-spor-daire-baskanligi\/spor-etkinlikleri\/","og_locale":"tr_TR","og_type":"article","og_title":"Spor Etkinlikleri","og_description":"Geleneksel Spor Turnuvalar\u0131 25 \u0130stanbul Ticaret \u00dcniversitesi Sa\u011fl\u0131k K\u00fclt\u00fcr ve Spor Daire Ba\u015fkanl\u0131\u011f\u0131 taraf\u0131ndan d\u00fczenlenen 2025\u20132026 G\u00fcz D\u00f6nemi Spor Turnuvas\u0131, farkl\u0131 bran\u015flarda ger\u00e7ekle\u015ftirilen m\u00fcsabakalar\u0131n ard\u0131ndan \u00f6d\u00fcl t\u00f6reniyle sona erdi. 360 \u00f6\u011frencinin kat\u0131l\u0131m\u0131yla ger\u00e7ekle\u015fen organizasyon, sporun birle\u015ftirici g\u00fcc\u00fcn\u00fc ve fair-play anlay\u0131\u015f\u0131n\u0131 \u00f6n plana \u00e7\u0131kard\u0131. \u0130stanbul Ticaret \u00dcniversitesi Sa\u011fl\u0131k K\u00fclt\u00fcr ve Spor Daire Ba\u015fkanl\u0131\u011f\u0131 taraf\u0131ndan geleneksel hale [&hellip;]","og_url":"https:\/\/ticaret.edu.tr\/saglik-kultur-ve-spor-daire-baskanligi\/spor-etkinlikleri\/","og_site_name":"Sa\u011fl\u0131k K\u00fclt\u00fcr ve Spor Daire Ba\u015fkanl\u0131\u011f\u0131","article_publisher":"https:\/\/www.facebook.com\/ticaretedutr","article_modified_time":"2026-01-30T08:38:49+00:00","og_image":[{"url":"http:\/\/ticaret.edu.tr\/saglik-kultur-ve-spor-daire-baskanligi\/wp-content\/uploads\/sites\/32\/2026\/01\/DSCF6035-1-1-scaled.jpg"}],"twitter_card":"summary_large_image","twitter_site":"@ticaretedutr","twitter_misc":{"Tahmini okuma s\u00fcresi":"10 dakika"},"schema":{"@context":"https:\/\/schema.org","@graph":[{"@type":"WebPage","@id":"https:\/\/ticaret.edu.tr\/saglik-kultur-ve-spor-daire-baskanligi\/spor-etkinlikleri\/","url":"https:\/\/ticaret.edu.tr\/saglik-kultur-ve-spor-daire-baskanligi\/spor-etkinlikleri\/","name":"Spor Etkinlikleri - Sa\u011fl\u0131k K\u00fclt\u00fcr ve Spor Daire Ba\u015fkanl\u0131\u011f\u0131","isPartOf":{"@id":"https:\/\/ticaret.edu.tr\/saglik-kultur-ve-spor-daire-baskanligi\/#website"},"datePublished":"2020-05-05T10:31:35+00:00","dateModified":"2026-01-30T08:38:49+00:00","breadcrumb":{"@id":"https:\/\/ticaret.edu.tr\/saglik-kultur-ve-spor-daire-baskanligi\/spor-etkinlikleri\/#breadcrumb"},"inLanguage":"tr","potentialAction":[{"@type":"ReadAction","target":["https:\/\/ticaret.edu.tr\/saglik-kultur-ve-spor-daire-baskanligi\/spor-etkinlikleri\/"]}]},{"@type":"BreadcrumbList","@id":"https:\/\/ticaret.edu.tr\/saglik-kultur-ve-spor-daire-baskanligi\/spor-etkinlikleri\/#breadcrumb","itemListElement":[{"@type":"ListItem","position":1,"name":"Ana sayfa","item":"https:\/\/ticaret.edu.tr\/saglik-kultur-ve-spor-daire-baskanligi\/"},{"@type":"ListItem","position":2,"name":"Spor Etkinlikleri"}]},{"@type":"WebSite","@id":"https:\/\/ticaret.edu.tr\/saglik-kultur-ve-spor-daire-baskanligi\/#website","url":"https:\/\/ticaret.edu.tr\/saglik-kultur-ve-spor-daire-baskanligi\/","name":"Sa\u011fl\u0131k K\u00fclt\u00fcr ve Spor Daire Ba\u015fkanl\u0131\u011f\u0131","description":"","potentialAction":[{"@type":"SearchAction","target":{"@type":"EntryPoint","urlTemplate":"https:\/\/ticaret.edu.tr\/saglik-kultur-ve-spor-daire-baskanligi\/?s={search_term_string}"},"query-input":"required name=search_term_string"}],"inLanguage":"tr"}]}},"lang":"tr","translations":{"tr":52},"pll_sync_post":[],"_links":{"self":[{"href":"http:\/\/ticaret.edu.tr\/saglik-kultur-ve-spor-daire-baskanligi\/wp-json\/wp\/v2\/pages\/52"}],"collection":[{"href":"http:\/\/ticaret.edu.tr\/saglik-kultur-ve-spor-daire-baskanligi\/wp-json\/wp\/v2\/pages"}],"about":[{"href":"http:\/\/ticaret.edu.tr\/saglik-kultur-ve-spor-daire-baskanligi\/wp-json\/wp\/v2\/types\/page"}],"author":[{"embeddable":true,"href":"http:\/\/ticaret.edu.tr\/saglik-kultur-ve-spor-daire-baskanligi\/wp-json\/wp\/v2\/users\/1"}],"replies":[{"embeddable":true,"href":"http:\/\/ticaret.edu.tr\/saglik-kultur-ve-spor-daire-baskanligi\/wp-json\/wp\/v2\/comments?post=52"}],"version-history":[{"count":8,"href":"http:\/\/ticaret.edu.tr\/saglik-kultur-ve-spor-daire-baskanligi\/wp-json\/wp\/v2\/pages\/52\/revisions"}],"predecessor-version":[{"id":1251,"href":"http:\/\/ticaret.edu.tr\/saglik-kultur-ve-spor-daire-baskanligi\/wp-json\/wp\/v2\/pages\/52\/revisions\/1251"}],"wp:attachment":[{"href":"http:\/\/ticaret.edu.tr\/saglik-kultur-ve-spor-daire-baskanligi\/wp-json\/wp\/v2\/media?parent=52"}],"curies":[{"name":"wp","href":"https:\/\/api.w.org\/{rel}","templated":true}]}}