{"id":613,"date":"2022-01-04T14:54:00","date_gmt":"2022-01-04T11:54:00","guid":{"rendered":"https:\/\/ticaret.edu.tr\/siyaset-bilimi-ve-uluslararasi-iliskiler\/?page_id=613"},"modified":"2025-02-11T17:02:00","modified_gmt":"2025-02-11T14:02:00","slug":"research","status":"publish","type":"page","link":"http:\/\/ticaret.edu.tr\/siyaset-bilimi-ve-uluslararasi-iliskiler\/en\/research\/","title":{"rendered":"RESEARCH"},"content":{"rendered":"<p><strong>1- Foreign Economic Relations Board of Turkey (DEIK), Effects of African Continental Free Trade Agreement on Turkish Business World, Effects of African Continental Free Trade Agreement on Turkish Business World<\/strong>, Project Coordinator; Assoc. Prof. Dr. U\u011fur Yasin ASAL, Deputy Project Coordinator: Assoc. Prof. Dr. Ayfer Gen\u00e7 Y\u0131lmaz<\/p>\n<p><strong>2- The Impact of China&#8217;s Global Rise on the Central Asian Turkic Republics: A Multidimensional and Interdisciplinary Study<\/strong>, YAPKO Project, Project Coordinator; Prof. Dr. Mustafa Said YAZICIO\u011eLU, Deputy Project Coordinator: Assoc. Prof. Dr. U\u011fur Yasin ASAL<\/p>\n<p class=\"x_MsoNormal\"><strong>3- Digital Diplomacy: Creating the Common Future with Technology:<\/strong> EU Erasmus Research Project, Assoc. Prof. Dr. U\u011fur Yasin ASAL<\/p>\n<p><strong>4- K\u00fcresel Ekonomik ve Finansal Sisteme \u0130li\u015fkin Tasar\u0131m \u00c7al\u0131\u015fmalar\u0131 ve T\u00fcrkiye&#8217;nin Konumu:<\/strong> Project Coordinator: Prof. Dr. Mustafa Said YAZICIO\u011eLU, Prof.Dr. Naz\u0131m EKREN, Assoc. Prof. Dr. U\u011fur Yasin ASAL<\/p>\n<p><strong>5- Covid-19 ile Birlikte Uluslararas\u0131 \u0130li\u015fkilerde De\u011fi\u015fim ve S\u00fcreklilikler: Tarih, Bug\u00fcn ve Gelecek \u0130li\u015fkisinde Disiplinleraras\u0131 Bir Analiz:<\/strong> Project Coordinator: Assoc. Prof. Dr. U\u011fur Yasin ASAL<\/p>\n<p>&nbsp;<\/p>\n","protected":false},"excerpt":{"rendered":"<p>1- Foreign Economic Relations Board of Turkey (DEIK), Effects of African Continental Free Trade Agreement on Turkish Business World, Effects of African Continental Free Trade Agreement on Turkish Business World, Project Coordinator; Assoc. Prof. Dr. U\u011fur Yasin ASAL, Deputy Project Coordinator: Assoc. Prof. Dr. Ayfer Gen\u00e7 Y\u0131lmaz 2- The Impact of China&#8217;s Global Rise on [&hellip;]<\/p>\n","protected":false},"author":149,"featured_media":0,"parent":0,"menu_order":0,"comment_status":"closed","ping_status":"closed","template":"genel_sayfa.php","meta":{"footnotes":""},"yoast_head":"<!-- This site is optimized with the Yoast SEO Premium plugin v22.1 (Yoast SEO v22.1) - https:\/\/yoast.com\/wordpress\/plugins\/seo\/ -->\n<title>RESEARCH - Siyaset Bilimi ve Uluslararas\u0131 \u0130li\u015fkiler<\/title>\n<meta name=\"robots\" content=\"index, follow, max-snippet:-1, max-image-preview:large, max-video-preview:-1\" \/>\n<link rel=\"canonical\" href=\"https:\/\/ticaret.edu.tr\/siyaset-bilimi-ve-uluslararasi-iliskiler\/en\/research\/\" \/>\n<meta property=\"og:locale\" content=\"tr_TR\" \/>\n<meta property=\"og:type\" content=\"article\" \/>\n<meta property=\"og:title\" content=\"RESEARCH\" \/>\n<meta property=\"og:description\" content=\"1- Foreign Economic Relations Board of Turkey (DEIK), Effects of African Continental Free Trade Agreement on Turkish Business World, Effects of African Continental Free Trade Agreement on Turkish Business World, Project Coordinator; Assoc. Prof. Dr. U\u011fur Yasin ASAL, Deputy Project Coordinator: Assoc. Prof. Dr. Ayfer Gen\u00e7 Y\u0131lmaz 2- The Impact of China&#8217;s Global Rise on [&hellip;]\" \/>\n<meta property=\"og:url\" content=\"https:\/\/ticaret.edu.tr\/siyaset-bilimi-ve-uluslararasi-iliskiler\/en\/research\/\" \/>\n<meta property=\"og:site_name\" content=\"Siyaset Bilimi ve Uluslararas\u0131 \u0130li\u015fkiler\" \/>\n<meta property=\"article:publisher\" content=\"https:\/\/www.facebook.com\/ticaretedutr\" \/>\n<meta property=\"article:modified_time\" content=\"2025-02-11T14:02:00+00:00\" \/>\n<meta property=\"og:image\" content=\"http:\/\/ticaret.edu.tr\/siyaset-bilimi-ve-uluslararasi-iliskiler\/wp-content\/uploads\/sites\/27\/2021\/11\/web_logo-01.jpg\" \/>\n\t<meta property=\"og:image:width\" content=\"1250\" \/>\n\t<meta property=\"og:image:height\" content=\"833\" \/>\n\t<meta property=\"og:image:type\" content=\"image\/jpeg\" \/>\n<meta name=\"twitter:card\" content=\"summary_large_image\" \/>\n<meta name=\"twitter:site\" content=\"@ticaretedutr\" \/>\n<meta name=\"twitter:label1\" content=\"Tahmini okuma s\u00fcresi\" \/>\n\t<meta name=\"twitter:data1\" content=\"1 dakika\" \/>\n<script type=\"application\/ld+json\" class=\"yoast-schema-graph\">{\"@context\":\"https:\/\/schema.org\",\"@graph\":[{\"@type\":\"WebPage\",\"@id\":\"https:\/\/ticaret.edu.tr\/siyaset-bilimi-ve-uluslararasi-iliskiler\/en\/research\/\",\"url\":\"https:\/\/ticaret.edu.tr\/siyaset-bilimi-ve-uluslararasi-iliskiler\/en\/research\/\",\"name\":\"RESEARCH - Siyaset Bilimi ve Uluslararas\u0131 \u0130li\u015fkiler\",\"isPartOf\":{\"@id\":\"https:\/\/ticaret.edu.tr\/siyaset-bilimi-ve-uluslararasi-iliskiler\/en\/#website\"},\"datePublished\":\"2022-01-04T11:54:00+00:00\",\"dateModified\":\"2025-02-11T14:02:00+00:00\",\"breadcrumb\":{\"@id\":\"https:\/\/ticaret.edu.tr\/siyaset-bilimi-ve-uluslararasi-iliskiler\/en\/research\/#breadcrumb\"},\"inLanguage\":\"tr\",\"potentialAction\":[{\"@type\":\"ReadAction\",\"target\":[\"https:\/\/ticaret.edu.tr\/siyaset-bilimi-ve-uluslararasi-iliskiler\/en\/research\/\"]}]},{\"@type\":\"BreadcrumbList\",\"@id\":\"https:\/\/ticaret.edu.tr\/siyaset-bilimi-ve-uluslararasi-iliskiler\/en\/research\/#breadcrumb\",\"itemListElement\":[{\"@type\":\"ListItem\",\"position\":1,\"name\":\"Ana sayfa\",\"item\":\"http:\/\/ticaret.edu.tr\/siyaset-bilimi-ve-uluslararasi-iliskiler\/\"},{\"@type\":\"ListItem\",\"position\":2,\"name\":\"RESEARCH\"}]},{\"@type\":\"WebSite\",\"@id\":\"https:\/\/ticaret.edu.tr\/siyaset-bilimi-ve-uluslararasi-iliskiler\/en\/#website\",\"url\":\"https:\/\/ticaret.edu.tr\/siyaset-bilimi-ve-uluslararasi-iliskiler\/en\/\",\"name\":\"Siyaset Bilimi ve Uluslararas\u0131 \u0130li\u015fkiler\",\"description\":\"\",\"potentialAction\":[{\"@type\":\"SearchAction\",\"target\":{\"@type\":\"EntryPoint\",\"urlTemplate\":\"https:\/\/ticaret.edu.tr\/siyaset-bilimi-ve-uluslararasi-iliskiler\/en\/?s={search_term_string}\"},\"query-input\":\"required name=search_term_string\"}],\"inLanguage\":\"tr\"}]}<\/script>\n<!-- \/ Yoast SEO Premium plugin. -->","yoast_head_json":{"title":"RESEARCH - Siyaset Bilimi ve Uluslararas\u0131 \u0130li\u015fkiler","robots":{"index":"index","follow":"follow","max-snippet":"max-snippet:-1","max-image-preview":"max-image-preview:large","max-video-preview":"max-video-preview:-1"},"canonical":"https:\/\/ticaret.edu.tr\/siyaset-bilimi-ve-uluslararasi-iliskiler\/en\/research\/","og_locale":"tr_TR","og_type":"article","og_title":"RESEARCH","og_description":"1- Foreign Economic Relations Board of Turkey (DEIK), Effects of African Continental Free Trade Agreement on Turkish Business World, Effects of African Continental Free Trade Agreement on Turkish Business World, Project Coordinator; Assoc. Prof. Dr. U\u011fur Yasin ASAL, Deputy Project Coordinator: Assoc. Prof. Dr. Ayfer Gen\u00e7 Y\u0131lmaz 2- The Impact of China&#8217;s Global Rise on [&hellip;]","og_url":"https:\/\/ticaret.edu.tr\/siyaset-bilimi-ve-uluslararasi-iliskiler\/en\/research\/","og_site_name":"Siyaset Bilimi ve Uluslararas\u0131 \u0130li\u015fkiler","article_publisher":"https:\/\/www.facebook.com\/ticaretedutr","article_modified_time":"2025-02-11T14:02:00+00:00","og_image":[{"width":1250,"height":833,"url":"http:\/\/ticaret.edu.tr\/siyaset-bilimi-ve-uluslararasi-iliskiler\/wp-content\/uploads\/sites\/27\/2021\/11\/web_logo-01.jpg","type":"image\/jpeg"}],"twitter_card":"summary_large_image","twitter_site":"@ticaretedutr","twitter_misc":{"Tahmini okuma s\u00fcresi":"1 dakika"},"schema":{"@context":"https:\/\/schema.org","@graph":[{"@type":"WebPage","@id":"https:\/\/ticaret.edu.tr\/siyaset-bilimi-ve-uluslararasi-iliskiler\/en\/research\/","url":"https:\/\/ticaret.edu.tr\/siyaset-bilimi-ve-uluslararasi-iliskiler\/en\/research\/","name":"RESEARCH - Siyaset Bilimi ve Uluslararas\u0131 \u0130li\u015fkiler","isPartOf":{"@id":"https:\/\/ticaret.edu.tr\/siyaset-bilimi-ve-uluslararasi-iliskiler\/en\/#website"},"datePublished":"2022-01-04T11:54:00+00:00","dateModified":"2025-02-11T14:02:00+00:00","breadcrumb":{"@id":"https:\/\/ticaret.edu.tr\/siyaset-bilimi-ve-uluslararasi-iliskiler\/en\/research\/#breadcrumb"},"inLanguage":"tr","potentialAction":[{"@type":"ReadAction","target":["https:\/\/ticaret.edu.tr\/siyaset-bilimi-ve-uluslararasi-iliskiler\/en\/research\/"]}]},{"@type":"BreadcrumbList","@id":"https:\/\/ticaret.edu.tr\/siyaset-bilimi-ve-uluslararasi-iliskiler\/en\/research\/#breadcrumb","itemListElement":[{"@type":"ListItem","position":1,"name":"Ana sayfa","item":"http:\/\/ticaret.edu.tr\/siyaset-bilimi-ve-uluslararasi-iliskiler\/"},{"@type":"ListItem","position":2,"name":"RESEARCH"}]},{"@type":"WebSite","@id":"https:\/\/ticaret.edu.tr\/siyaset-bilimi-ve-uluslararasi-iliskiler\/en\/#website","url":"https:\/\/ticaret.edu.tr\/siyaset-bilimi-ve-uluslararasi-iliskiler\/en\/","name":"Siyaset Bilimi ve Uluslararas\u0131 \u0130li\u015fkiler","description":"","potentialAction":[{"@type":"SearchAction","target":{"@type":"EntryPoint","urlTemplate":"https:\/\/ticaret.edu.tr\/siyaset-bilimi-ve-uluslararasi-iliskiler\/en\/?s={search_term_string}"},"query-input":"required name=search_term_string"}],"inLanguage":"tr"}]}},"lang":"en","translations":{"en":613,"tr":6},"pll_sync_post":[],"_links":{"self":[{"href":"http:\/\/ticaret.edu.tr\/siyaset-bilimi-ve-uluslararasi-iliskiler\/wp-json\/wp\/v2\/pages\/613"}],"collection":[{"href":"http:\/\/ticaret.edu.tr\/siyaset-bilimi-ve-uluslararasi-iliskiler\/wp-json\/wp\/v2\/pages"}],"about":[{"href":"http:\/\/ticaret.edu.tr\/siyaset-bilimi-ve-uluslararasi-iliskiler\/wp-json\/wp\/v2\/types\/page"}],"author":[{"embeddable":true,"href":"http:\/\/ticaret.edu.tr\/siyaset-bilimi-ve-uluslararasi-iliskiler\/wp-json\/wp\/v2\/users\/149"}],"replies":[{"embeddable":true,"href":"http:\/\/ticaret.edu.tr\/siyaset-bilimi-ve-uluslararasi-iliskiler\/wp-json\/wp\/v2\/comments?post=613"}],"version-history":[{"count":4,"href":"http:\/\/ticaret.edu.tr\/siyaset-bilimi-ve-uluslararasi-iliskiler\/wp-json\/wp\/v2\/pages\/613\/revisions"}],"predecessor-version":[{"id":1289,"href":"http:\/\/ticaret.edu.tr\/siyaset-bilimi-ve-uluslararasi-iliskiler\/wp-json\/wp\/v2\/pages\/613\/revisions\/1289"}],"wp:attachment":[{"href":"http:\/\/ticaret.edu.tr\/siyaset-bilimi-ve-uluslararasi-iliskiler\/wp-json\/wp\/v2\/media?parent=613"}],"curies":[{"name":"wp","href":"https:\/\/api.w.org\/{rel}","templated":true}]}}