{"id":6,"date":"2020-07-20T07:34:34","date_gmt":"2020-07-20T04:34:34","guid":{"rendered":"http:\/\/ticaret.edu.tr\/uidiuam\/?page_id=6"},"modified":"2025-12-23T16:03:52","modified_gmt":"2025-12-23T13:03:52","slug":"hakkimizda","status":"publish","type":"page","link":"http:\/\/ticaret.edu.tr\/universite-is-dunyasi-iliskileri-uygulama-ve-arastirma-merkezi\/hakkimizda\/","title":{"rendered":"Hakk\u0131m\u0131zda"},"content":{"rendered":"<p><strong>Genel Bilgi<\/strong><\/p>\n<p>\u0130stanbul Ticaret \u00dcniversitesi, \u0130stanbul Ticaret Odas\u0131\u2019n\u0131n kurumsal sosyal sorumlulu\u011funun gere\u011fi olarak \u0130stanbul Ticaret Odas\u0131 E\u011fitim ve Sosyal Hizmetler Vakf\u0131 taraf\u0131ndan; e\u011fitim d\u00fczeyi, bilimsel ara\u015ft\u0131rma ve yay\u0131nlar\u0131, k\u00fclt\u00fcr ve sanat faaliyetleri ile k\u00fcresel \u00f6l\u00e7ekte \u00e7a\u011fda\u015f e\u011fitim ve ara\u015ft\u0131rma yapmak ve \u00fclkemizin ve d\u00fcnyan\u0131n \u00f6nde gelen kurumlar\u0131 aras\u0131nda yer almas\u0131 amac\u0131yla kurulmu\u015f bir prestij projesidir.<\/p>\n<p>G\u00fcn\u00fcm\u00fcz\u00fcn Bilgi \u00c7a\u011f\u0131\/Yeni ekonomisinde \u00fclkelerin refah d\u00fczeyini ve kalk\u0131nma\/geli\u015fme performans\u0131n\u0131 belirleyen en \u00f6nemli fakt\u00f6r bilgi, yenilik ve teknoloji \u00fcretimindeki konumlar\u0131d\u0131r. Bu ba\u011flamda verdikleri e\u011fitim ile \u00fclkenin be\u015feri sermayesinin kalitesini belirleyen \u00fcniversiteler bunun yan\u0131 s\u0131ra Ulusal Yenilik Sistemi\u2019nin \u00f6nemli bir aya\u011f\u0131 olarak bilgi, yenilik ve teknoloji \u00fcretimini ger\u00e7ekle\u015ftirmektedirler. \u00dcniversitenin bu \u00e7\u0131kt\u0131lar\u0131n\u0131n i\u015f d\u00fcnyas\u0131nca \u00fcretime ve i\u015f d\u00fcnyas\u0131n\u0131n sahip oldu\u011fu tecr\u00fcbe, yetenek ve birikimin \u00fcniversiteye aktar\u0131lmas\u0131 noktas\u0131nda \u00fcniversite i\u015f d\u00fcnyas\u0131 ili\u015fkilerinin bir ara y\u00fcz\u00fc olma fonksiyonunu icra eden \u00dcniversite \u0130\u015f D\u00fcnyas\u0131 \u0130li\u015fkileri Uygulama ve Ara\u015ft\u0131rma Merkezleri kritik ve stratejik bir fonksiyonu yerine getirmektedirler.<\/p>\n<p>Bu merkezlerin \u00f6nemli fonksiyonunun fark\u0131ndal\u0131\u011f\u0131 \u00e7er\u00e7evesinde, Temmuz 2012 \u2019de imzalanan \u0130stanbul Ticaret Odas\u0131 ve \u0130stanbul Ticaret \u00dcniversitesi \u0130\u015fbirli\u011fi Protokol\u00fc kapsam\u0131nda \u201c\u0130stanbul Ticaret \u00dcniversitesi, \u0130stanbul Ticaret Odas\u0131 ile i\u015fbirli\u011fi i\u00e7inde i\u015f d\u00fcnyas\u0131n\u0131n ve toplumun g\u00fc\u00e7lenmesine, geli\u015fmesine, b\u00fcy\u00fcmesine ve kalk\u0131nmas\u0131na y\u00f6nelik ulusal ve k\u00fcresel i\u00e7erikli konferans, seminer, sertifika program\u0131, kongre, \u00e7al\u0131\u015ftay, ara\u015ft\u0131rma, proje ve benzeri etkinlikleri d\u00fczenleyece\u011fi \u00dcniversite \u0130\u015f D\u00fcnyas\u0131 \u0130li\u015fkileri Uygulama ve Ara\u015ft\u0131rma Merkezi kurulmas\u0131\u201d kararla\u015ft\u0131r\u0131lm\u0131\u015ft\u0131r.<\/p>\n<p>\u0130stanbul Ticaret \u00dcniversitesi \u00dcniversite \u0130\u015f D\u00fcnyas\u0131 \u0130li\u015fkileri Uygulama ve Ara\u015ft\u0131rma Merkezi\u2019nin kurulu\u015fu ile, \u00fcniversitenin bilgi \u00fcretiminin, ara\u015ft\u0131rma ve geli\u015ftirme yetene\u011finin, akademik kadrosunun birikim ve yetkinli\u011finin; \u00f6zelde D\u00fcnyan\u0131n en b\u00fcy\u00fck ve say\u0131l\u0131 ticaret odalar\u0131ndan birisi olan \u0130stanbul Ticaret Odas\u0131\u2019n\u0131n yakla\u015f\u0131k 335.000 \u00fcye i\u015fletmesinin geli\u015ftirilmesinde ve sorunlar\u0131n\u0131n \u00e7\u00f6z\u00fcm\u00fcnde, genelde ise t\u00fcm T\u00fcrkiye\u2019de ayn\u0131 fonksiyonun ger\u00e7ekle\u015ftirilmesi ile \u00e7e\u015fitli alanlarda yarat\u0131lacak katma de\u011fer ile \u00fclkenin kalk\u0131nmas\u0131nda ve refah d\u00fczeyinin artmas\u0131nda \u00f6nemli bir rol \u00fcstlenilmesi ama\u00e7lanmaktad\u0131r.<\/p>\n<p>Merkez, ama\u00e7lar\u0131 do\u011frultusunda a\u015fa\u011f\u0131daki alanlarda \u00e7al\u0131\u015fmalar y\u00fcr\u00fctmektedir:<\/p>\n<p>a) \u0130\u015f D\u00fcnyas\u0131n\u0131n yap\u0131 ve \u00f6zelliklerini belirleyerek, genel, sekt\u00f6rel ve komiteler baz\u0131nda makro ve mikro \u00f6l\u00e7ekli, farkl\u0131 alanlardaki ve konulardaki ihtiya\u00e7lar\u0131n\u0131 belirlemek, periyodik olarak g\u00fcncellemek, bu konularda bilimsel \u00e7al\u0131\u015fmalar ve ara\u015ft\u0131rmalar yapmak ve yapt\u0131rmak.<br \/>\nb) Akademik programlar\u0131n, k\u00fcresel \u00f6rnekleri de dikkate alarak, i\u015f d\u00fcnyas\u0131na y\u00f6nelik uygulama \u00f6rneklerini izlemek, de\u011ferlendirme ve g\u00fcncelleme konular\u0131nda bilimsel \u00e7al\u0131\u015fmalar ve ara\u015ft\u0131rmalar yapmak ve yapt\u0131rmak.<br \/>\nc) \u0130\u015f D\u00fcnyas\u0131n\u0131n e\u011fitim-\u00f6\u011fretim, sertifika program\u0131 ve benzeri taleplerini kar\u015f\u0131lamak.<br \/>\n\u00e7) Faaliyet alan\u0131 ile ilgili i\u015f d\u00fcnyas\u0131na dan\u0131\u015fmanl\u0131k yapmak, proje \u00fcretmek, ara\u015ft\u0131rma ve \u00e7al\u0131\u015fmalar yapmak.<br \/>\nd) \u0130\u015f d\u00fcnyas\u0131n\u0131n ulusal, b\u00f6lgesel ve k\u00fcresel \u00f6l\u00e7ekte rekabet dinamiklerinin belirleyicileri konusunda \u00e7al\u0131\u015fmalar, ara\u015ft\u0131rmalar yapmak ve yapt\u0131rmak, raporlar haz\u0131rlamak ve haz\u0131rlatmak.<br \/>\ne) Merkezin faaliyet alan\u0131na giren di\u011fer konularda \u00e7al\u0131\u015fmalar yapmak ve \u00fcniversite taraf\u0131ndan verilecek di\u011fer g\u00f6revleri yerine getirmek.<\/p>\n<p>Bu faaliyetlerin ger\u00e7ekle\u015ftirilmesi i\u00e7in \u00fcniversite ve merkez, i\u015f d\u00fcnyas\u0131n\u0131n kurum, kurulu\u015f ve \u00f6rg\u00fctleri ile i\u015fbirli\u011fi i\u00e7inde olup \u00e7e\u015fitli alanlarda protokoller imzalanm\u0131\u015ft\u0131r. Merkez\u2019in faaliyetleri ba\u011flam\u0131nda, mikro d\u00fczeyde; i\u015f d\u00fcnyas\u0131n\u0131n ihtiya\u00e7 duydu\u011fu her alanda i\u015fbirli\u011fi ve ortak projelerin ger\u00e7ekle\u015ftirilmesi, \u0130\u015fletmelere kurulu\u015flar\u0131ndan \u00fcr\u00fcn pazarlamalar\u0131na, insan kaynaklar\u0131ndan teknolojik deste\u011fe hemen t\u00fcm i\u015fletme fonksiyonlar\u0131n\u0131 kapsayan alanlarda her t\u00fcrl\u00fc deste\u011fin verilmesi; makro d\u00fczeyde, \u00fclkemizin k\u00fcresel rekabet g\u00fcc\u00fcn\u00fc artt\u0131rmaya y\u00f6nelik projelerin realize edilmesi planlanmaktad\u0131r. Bu s\u00fcre\u00e7te \u00fcniversitenin en b\u00fcy\u00fck avantaj\u0131 ve g\u00fcc\u00fc \u0130stanbul Ticaret Odas\u0131\u2019n\u0131n stratejik deste\u011fi ve ortakl\u0131\u011f\u0131d\u0131r.<\/p>\n<p>Di\u011fer taraftan \u00fcniversitemizin temel ama\u00e7lar\u0131ndan olan e\u011fitim ve \u00f6\u011fretim kalitesinin artt\u0131r\u0131lmas\u0131 ve \u00f6\u011frencilere gelecekte mesleklerinde ba\u015far\u0131l\u0131 olmalar\u0131n\u0131 sa\u011flayacak yetkinlik ve donan\u0131m\u0131n kazand\u0131r\u0131lmas\u0131 i\u00e7in; i\u015f d\u00fcnyas\u0131n\u0131n tecr\u00fcbe ve deneyimlerinin \u00f6\u011frencilere aktar\u0131lmas\u0131 ve i\u015f d\u00fcnyas\u0131 ile ger\u00e7ekle\u015ftirilecek projelere \u00f6\u011frencilerin kat\u0131l\u0131m\u0131 sa\u011flanmaktad\u0131r. \u00d6\u011frencilerin projelere kat\u0131l\u0131m\u0131 ve i\u015f d\u00fcnyas\u0131 ile fiili ili\u015fkilerinin sa\u011flanmas\u0131 i\u00e7in \u00e7e\u015fitli y\u00f6ntem ve yollar olu\u015fturulmaktad\u0131r. \u00dcniversite i\u015f d\u00fcnyas\u0131 ili\u015fkilerinde\/projelerinde\/i\u015fbirli\u011finde \u00f6\u011frencilerin payda\u015f olmas\u0131n\u0131n sa\u011flanmas\u0131 \u00f6\u011frencilere sadece teorik de\u011fil uygulamal\u0131 bir e\u011fitimin verilmesi ve \u0130\u015f D\u00fcnyas\u0131 ile ili\u015fki i\u00e7inde olmalar\u0131 hususunda b\u00fcy\u00fck katk\u0131lar sa\u011flayaca\u011f\u0131 de\u011ferlendirilmektedir. Bu ama\u00e7la \u00dcniversite\u2019de \u00dcniversite \u0130\u015f D\u00fcnyas\u0131 \u0130li\u015fkileri \u00d6\u011frenci Kul\u00fcb\u00fc kurulmu\u015f ve faaliyetlere ba\u015flam\u0131\u015ft\u0131r.<br \/>\n\u00dcniversite \u0130\u015f D\u00fcnyas\u0131 \u0130li\u015fkileri Uygulama ve Ara\u015ft\u0131rma Merkezi, \u00dcniversitenin ba\u015fta \u0130TO ile olmak \u00fczere i\u015fd\u00fcnyas\u0131n\u0131n \u00e7e\u015fitli kurum ve kurulu\u015flar\u0131 ile birlikte \u00e7e\u015fitli sempozyum,\u00e7al\u0131\u015ftay,seminer gibi bilimsel etkinlikler, proje ve ara\u015ft\u0131rmalar y\u00fcr\u00fctmektedir.<\/p>\n","protected":false},"excerpt":{"rendered":"<p>Genel Bilgi \u0130stanbul Ticaret \u00dcniversitesi, \u0130stanbul Ticaret Odas\u0131\u2019n\u0131n kurumsal sosyal sorumlulu\u011funun gere\u011fi olarak \u0130stanbul Ticaret Odas\u0131 E\u011fitim ve Sosyal Hizmetler Vakf\u0131 taraf\u0131ndan; e\u011fitim d\u00fczeyi, bilimsel ara\u015ft\u0131rma ve yay\u0131nlar\u0131, k\u00fclt\u00fcr ve sanat faaliyetleri ile k\u00fcresel \u00f6l\u00e7ekte \u00e7a\u011fda\u015f e\u011fitim ve ara\u015ft\u0131rma yapmak ve \u00fclkemizin ve d\u00fcnyan\u0131n \u00f6nde gelen kurumlar\u0131 aras\u0131nda yer almas\u0131 amac\u0131yla kurulmu\u015f bir prestij projesidir. [&hellip;]<\/p>\n","protected":false},"author":228,"featured_media":0,"parent":0,"menu_order":0,"comment_status":"closed","ping_status":"closed","template":"genel_sayfa.php","meta":{"footnotes":""},"yoast_head":"<!-- This site is optimized with the Yoast SEO Premium plugin v22.1 (Yoast SEO v22.1) - https:\/\/yoast.com\/wordpress\/plugins\/seo\/ -->\n<title>Hakk\u0131m\u0131zda - \u00dcniversite-\u0130\u015f D\u00fcnyas\u0131 \u0130li\u015fkileri Uygulama ve Ara\u015ft\u0131rma Merkezi<\/title>\n<meta name=\"description\" content=\"Hakk\u0131m\u0131zda\" \/>\n<meta name=\"robots\" content=\"index, follow, max-snippet:-1, max-image-preview:large, max-video-preview:-1\" \/>\n<link rel=\"canonical\" href=\"https:\/\/ticaret.edu.tr\/universite-is-dunyasi-iliskileri-uygulama-ve-arastirma-merkezi\/hakkimizda\/\" \/>\n<meta property=\"og:locale\" content=\"tr_TR\" \/>\n<meta property=\"og:type\" content=\"article\" \/>\n<meta property=\"og:title\" content=\"Hakk\u0131m\u0131zda\" \/>\n<meta property=\"og:description\" content=\"Hakk\u0131m\u0131zda\" \/>\n<meta property=\"og:url\" content=\"https:\/\/ticaret.edu.tr\/universite-is-dunyasi-iliskileri-uygulama-ve-arastirma-merkezi\/hakkimizda\/\" \/>\n<meta property=\"og:site_name\" content=\"\u00dcniversite-\u0130\u015f D\u00fcnyas\u0131 \u0130li\u015fkileri Uygulama ve Ara\u015ft\u0131rma Merkezi\" \/>\n<meta property=\"article:publisher\" content=\"https:\/\/www.facebook.com\/ticaretedutr\" \/>\n<meta property=\"article:modified_time\" content=\"2025-12-23T13:03:52+00:00\" \/>\n<meta property=\"og:image\" content=\"http:\/\/ticaret.edu.tr\/universite-is-dunyasi-iliskileri-uygulama-ve-arastirma-merkezi\/wp-content\/uploads\/sites\/51\/2021\/11\/web_logo-01.jpg\" \/>\n\t<meta property=\"og:image:width\" content=\"1250\" \/>\n\t<meta property=\"og:image:height\" content=\"833\" \/>\n\t<meta property=\"og:image:type\" content=\"image\/jpeg\" \/>\n<meta name=\"twitter:card\" content=\"summary_large_image\" \/>\n<meta name=\"twitter:site\" content=\"@ticaretedutr\" \/>\n<meta name=\"twitter:label1\" content=\"Tahmini okuma s\u00fcresi\" \/>\n\t<meta name=\"twitter:data1\" content=\"4 dakika\" \/>\n<script type=\"application\/ld+json\" class=\"yoast-schema-graph\">{\"@context\":\"https:\/\/schema.org\",\"@graph\":[{\"@type\":\"WebPage\",\"@id\":\"https:\/\/ticaret.edu.tr\/universite-is-dunyasi-iliskileri-uygulama-ve-arastirma-merkezi\/hakkimizda\/\",\"url\":\"https:\/\/ticaret.edu.tr\/universite-is-dunyasi-iliskileri-uygulama-ve-arastirma-merkezi\/hakkimizda\/\",\"name\":\"Hakk\u0131m\u0131zda - \u00dcniversite-\u0130\u015f D\u00fcnyas\u0131 \u0130li\u015fkileri Uygulama ve Ara\u015ft\u0131rma Merkezi\",\"isPartOf\":{\"@id\":\"http:\/\/ticaret.edu.tr\/universite-is-dunyasi-iliskileri-uygulama-ve-arastirma-merkezi\/en\/#website\"},\"datePublished\":\"2020-07-20T04:34:34+00:00\",\"dateModified\":\"2025-12-23T13:03:52+00:00\",\"description\":\"Hakk\u0131m\u0131zda\",\"breadcrumb\":{\"@id\":\"https:\/\/ticaret.edu.tr\/universite-is-dunyasi-iliskileri-uygulama-ve-arastirma-merkezi\/hakkimizda\/#breadcrumb\"},\"inLanguage\":\"tr\",\"potentialAction\":[{\"@type\":\"ReadAction\",\"target\":[\"https:\/\/ticaret.edu.tr\/universite-is-dunyasi-iliskileri-uygulama-ve-arastirma-merkezi\/hakkimizda\/\"]}]},{\"@type\":\"BreadcrumbList\",\"@id\":\"https:\/\/ticaret.edu.tr\/universite-is-dunyasi-iliskileri-uygulama-ve-arastirma-merkezi\/hakkimizda\/#breadcrumb\",\"itemListElement\":[{\"@type\":\"ListItem\",\"position\":1,\"name\":\"Ana sayfa\",\"item\":\"https:\/\/ticaret.edu.tr\/universite-is-dunyasi-iliskileri-uygulama-ve-arastirma-merkezi\/\"},{\"@type\":\"ListItem\",\"position\":2,\"name\":\"Hakk\u0131m\u0131zda\"}]},{\"@type\":\"WebSite\",\"@id\":\"http:\/\/ticaret.edu.tr\/universite-is-dunyasi-iliskileri-uygulama-ve-arastirma-merkezi\/en\/#website\",\"url\":\"http:\/\/ticaret.edu.tr\/universite-is-dunyasi-iliskileri-uygulama-ve-arastirma-merkezi\/en\/\",\"name\":\"\u00dcniversite-\u0130\u015f D\u00fcnyas\u0131 \u0130li\u015fkileri Uygulama ve Ara\u015ft\u0131rma Merkezi\",\"description\":\"Bir ba\u015fka \u0130stanbul Ticaret \u00dcniversitesi site sitesi\",\"potentialAction\":[{\"@type\":\"SearchAction\",\"target\":{\"@type\":\"EntryPoint\",\"urlTemplate\":\"http:\/\/ticaret.edu.tr\/universite-is-dunyasi-iliskileri-uygulama-ve-arastirma-merkezi\/en\/?s={search_term_string}\"},\"query-input\":\"required name=search_term_string\"}],\"inLanguage\":\"tr\"}]}<\/script>\n<!-- \/ Yoast SEO Premium plugin. -->","yoast_head_json":{"title":"Hakk\u0131m\u0131zda - \u00dcniversite-\u0130\u015f D\u00fcnyas\u0131 \u0130li\u015fkileri Uygulama ve Ara\u015ft\u0131rma Merkezi","description":"Hakk\u0131m\u0131zda","robots":{"index":"index","follow":"follow","max-snippet":"max-snippet:-1","max-image-preview":"max-image-preview:large","max-video-preview":"max-video-preview:-1"},"canonical":"https:\/\/ticaret.edu.tr\/universite-is-dunyasi-iliskileri-uygulama-ve-arastirma-merkezi\/hakkimizda\/","og_locale":"tr_TR","og_type":"article","og_title":"Hakk\u0131m\u0131zda","og_description":"Hakk\u0131m\u0131zda","og_url":"https:\/\/ticaret.edu.tr\/universite-is-dunyasi-iliskileri-uygulama-ve-arastirma-merkezi\/hakkimizda\/","og_site_name":"\u00dcniversite-\u0130\u015f D\u00fcnyas\u0131 \u0130li\u015fkileri Uygulama ve Ara\u015ft\u0131rma Merkezi","article_publisher":"https:\/\/www.facebook.com\/ticaretedutr","article_modified_time":"2025-12-23T13:03:52+00:00","og_image":[{"width":1250,"height":833,"url":"http:\/\/ticaret.edu.tr\/universite-is-dunyasi-iliskileri-uygulama-ve-arastirma-merkezi\/wp-content\/uploads\/sites\/51\/2021\/11\/web_logo-01.jpg","type":"image\/jpeg"}],"twitter_card":"summary_large_image","twitter_site":"@ticaretedutr","twitter_misc":{"Tahmini okuma s\u00fcresi":"4 dakika"},"schema":{"@context":"https:\/\/schema.org","@graph":[{"@type":"WebPage","@id":"https:\/\/ticaret.edu.tr\/universite-is-dunyasi-iliskileri-uygulama-ve-arastirma-merkezi\/hakkimizda\/","url":"https:\/\/ticaret.edu.tr\/universite-is-dunyasi-iliskileri-uygulama-ve-arastirma-merkezi\/hakkimizda\/","name":"Hakk\u0131m\u0131zda - \u00dcniversite-\u0130\u015f D\u00fcnyas\u0131 \u0130li\u015fkileri Uygulama ve Ara\u015ft\u0131rma Merkezi","isPartOf":{"@id":"http:\/\/ticaret.edu.tr\/universite-is-dunyasi-iliskileri-uygulama-ve-arastirma-merkezi\/en\/#website"},"datePublished":"2020-07-20T04:34:34+00:00","dateModified":"2025-12-23T13:03:52+00:00","description":"Hakk\u0131m\u0131zda","breadcrumb":{"@id":"https:\/\/ticaret.edu.tr\/universite-is-dunyasi-iliskileri-uygulama-ve-arastirma-merkezi\/hakkimizda\/#breadcrumb"},"inLanguage":"tr","potentialAction":[{"@type":"ReadAction","target":["https:\/\/ticaret.edu.tr\/universite-is-dunyasi-iliskileri-uygulama-ve-arastirma-merkezi\/hakkimizda\/"]}]},{"@type":"BreadcrumbList","@id":"https:\/\/ticaret.edu.tr\/universite-is-dunyasi-iliskileri-uygulama-ve-arastirma-merkezi\/hakkimizda\/#breadcrumb","itemListElement":[{"@type":"ListItem","position":1,"name":"Ana sayfa","item":"https:\/\/ticaret.edu.tr\/universite-is-dunyasi-iliskileri-uygulama-ve-arastirma-merkezi\/"},{"@type":"ListItem","position":2,"name":"Hakk\u0131m\u0131zda"}]},{"@type":"WebSite","@id":"http:\/\/ticaret.edu.tr\/universite-is-dunyasi-iliskileri-uygulama-ve-arastirma-merkezi\/en\/#website","url":"http:\/\/ticaret.edu.tr\/universite-is-dunyasi-iliskileri-uygulama-ve-arastirma-merkezi\/en\/","name":"\u00dcniversite-\u0130\u015f D\u00fcnyas\u0131 \u0130li\u015fkileri Uygulama ve Ara\u015ft\u0131rma Merkezi","description":"Bir ba\u015fka \u0130stanbul Ticaret \u00dcniversitesi site sitesi","potentialAction":[{"@type":"SearchAction","target":{"@type":"EntryPoint","urlTemplate":"http:\/\/ticaret.edu.tr\/universite-is-dunyasi-iliskileri-uygulama-ve-arastirma-merkezi\/en\/?s={search_term_string}"},"query-input":"required name=search_term_string"}],"inLanguage":"tr"}]}},"lang":"tr","translations":{"en":173,"tr":6},"pll_sync_post":[],"_links":{"self":[{"href":"http:\/\/ticaret.edu.tr\/universite-is-dunyasi-iliskileri-uygulama-ve-arastirma-merkezi\/wp-json\/wp\/v2\/pages\/6"}],"collection":[{"href":"http:\/\/ticaret.edu.tr\/universite-is-dunyasi-iliskileri-uygulama-ve-arastirma-merkezi\/wp-json\/wp\/v2\/pages"}],"about":[{"href":"http:\/\/ticaret.edu.tr\/universite-is-dunyasi-iliskileri-uygulama-ve-arastirma-merkezi\/wp-json\/wp\/v2\/types\/page"}],"author":[{"embeddable":true,"href":"http:\/\/ticaret.edu.tr\/universite-is-dunyasi-iliskileri-uygulama-ve-arastirma-merkezi\/wp-json\/wp\/v2\/users\/228"}],"replies":[{"embeddable":true,"href":"http:\/\/ticaret.edu.tr\/universite-is-dunyasi-iliskileri-uygulama-ve-arastirma-merkezi\/wp-json\/wp\/v2\/comments?post=6"}],"version-history":[{"count":13,"href":"http:\/\/ticaret.edu.tr\/universite-is-dunyasi-iliskileri-uygulama-ve-arastirma-merkezi\/wp-json\/wp\/v2\/pages\/6\/revisions"}],"predecessor-version":[{"id":397,"href":"http:\/\/ticaret.edu.tr\/universite-is-dunyasi-iliskileri-uygulama-ve-arastirma-merkezi\/wp-json\/wp\/v2\/pages\/6\/revisions\/397"}],"wp:attachment":[{"href":"http:\/\/ticaret.edu.tr\/universite-is-dunyasi-iliskileri-uygulama-ve-arastirma-merkezi\/wp-json\/wp\/v2\/media?parent=6"}],"curies":[{"name":"wp","href":"https:\/\/api.w.org\/{rel}","templated":true}]}}